{"id":141,"date":"2024-06-07T22:35:09","date_gmt":"2024-06-08T01:35:09","guid":{"rendered":"http:\/\/siicsufma.shcomunicacao.com\/2024\/?page_id=141"},"modified":"2024-06-07T22:35:09","modified_gmt":"2024-06-08T01:35:09","slug":"historico","status":"publish","type":"page","link":"https:\/\/siicsufma.shcomunicacao.com\/2024\/historico\/","title":{"rendered":"Hist\u00f3rico"},"content":{"rendered":"\n<p class=\"wp-block-paragraph\">Em&nbsp;<strong>2013<\/strong>, foi realizado o I Simp\u00f3sio Interdisciplinar em Cultura e Sociedade, em n\u00edvel nacional, com a participa\u00e7\u00e3o de professores e pesquisadores do Programa em de P\u00f3sgradua\u00e7\u00e3o em Cultura e Sociedade \u2013 PGCULT, e com a participa\u00e7\u00e3o de professores de outros Programas Interdisciplinares, tendo a participa\u00e7\u00e3o especial do Professor Dr. Adalberto Silva Santos, da Universidade Federal da Bahia (UFBA), que tratou sobre \u201cA quest\u00e3o da interdisciplinaridade em programas de p\u00f3s-gradua\u00e7\u00e3o&nbsp;<em>stricto sensu<\/em>\u201d. O resultado foi excelente, pois alavancou v\u00e1rias mudan\u00e7as no Programa, a come\u00e7ar pela reestrutura\u00e7\u00e3o das Linhas de Pesquisa, disciplinas e Grupos de Pesquisa. Destarte, firmamos o interc\u00e2mbio, sob o interm\u00e9dio do Mestrado em Cultura e Sociedade da UFBA, com a Red Latinoamericana de Posgrados en Estudios sobre la Cultura, com sede na Cidade do M\u00e9xico.<\/p>\n\n\n\n<p class=\"wp-block-paragraph\">Em&nbsp;<strong>2015<\/strong>, ocorreu o&nbsp;<strong>I Simp\u00f3sio Internacional Interdisciplinar em Cultura e Sociedade \u2013 I SIICS.<\/strong>&nbsp;Participaram professores do M\u00e9xico, de Portugal, al\u00e9m de v\u00e1rios professores do Brasil. A partir de ent\u00e3o, o Simp\u00f3sio passou a ter configura\u00e7\u00e3o bianual. No I SIICS, as discuss\u00f5es ocorreram em torno de tem\u00e1ticas como: Sistemas Urbanos Sustent\u00e1veis; Arte e Literatura; Mem\u00f3ria e Patrim\u00f4nio dialogando com as linhas de pesquisa dos professores do PGCULT.<\/p>\n\n\n\n<p class=\"wp-block-paragraph\">Em&nbsp;<strong>2017<\/strong>, ocorreu&nbsp;<strong>II Simp\u00f3sio Internacional Interdisciplinar em Cultura e Sociedade-II SIICS<\/strong>&nbsp;da Universidade Federal do Maranh\u00e3o que abarcou uma diversidade de trabalhos e reflex\u00f5es acerca da Interdisciplinaridade e suas implica\u00e7\u00f5es com as Ci\u00eancias Humanas e Sociais, inserindo de uma vez por todas a Universidade Federal do Maranh\u00e3o no debate Nacional e Internacional. Neste evento tiveram 516 inscritos com 314 apresenta\u00e7\u00f5es de trabalhos com enfoque na interdisciplinaridade com publica\u00e7\u00e3o de Caderno de Resumos e Anais com trabalhos completos e ISBN.&nbsp; O II Simp\u00f3sio Internacional Interdisciplinar em Cultura e Sociedade \u2013 SIICS realizou sua segunda edi\u00e7\u00e3o em outubro de 2017, no Centro de Ci\u00eancias Humanas no Campus Dom Delgado em S\u00e3o Lu\u00eds \u2013 MA.<\/p>\n\n\n\n<p class=\"wp-block-paragraph\">A terceira edi\u00e7\u00e3o desse importante evento,&nbsp;<strong>III Simp\u00f3sio Internacional Interdisciplinar em Cultura e Sociedade \u2013 III SIICS<\/strong>, ocorreu em&nbsp;<strong>2019&nbsp;<\/strong>e foipromovida pelo Mestrado Interdisciplinar em Cultura e Sociedade- PGCult. Contou com a presen\u00e7a de convidados internacionais \u2013 de Val\u00eancia, Madrid e Portugal, e convidados nacionais, com o prop\u00f3sito de promover publica\u00e7\u00f5es cient\u00edficas, fomentar discuss\u00f5es e debates em torno da interdisciplinaridade no \u00e2mbito das ci\u00eancias humanas e sociais, com vistas \u00e0 produ\u00e7\u00e3o do conhecimento e de pr\u00e1ticas fundamentadas na interlocu\u00e7\u00e3o entre as diferentes \u00e1reas do saber. Nesta edi\u00e7\u00e3o foram 767 inscritos com 435 apresenta\u00e7\u00f5es de trabalhos nas diversas \u00e1reas do conhecimento e dialogando entre si com publica\u00e7\u00e3o de Caderno de Resumos e Anais com trabalhos completos e ISBN.<\/p>\n\n\n\n<p class=\"wp-block-paragraph\">Todas as edi\u00e7\u00f5es evidenciaram um importante di\u00e1logo entre diferentes \u00e1reas do conhecimento no campo da cultura e da sociedade, o que acabou apontando novas possibilidades para o Simp\u00f3sio, em car\u00e1ter Internacional.<\/p>\n\n\n\n<p class=\"wp-block-paragraph\">Em sua quarta edi\u00e7\u00e3o, o&nbsp;<strong>IV SIMP\u00d3SIO INTERNACIONALINTERDISCIPLINAR EM CULTURA E SOCIEDADE \u2013 IV SIICS&nbsp;<\/strong>da Universidade Federal do Maranh\u00e3o \u2013 UFMA pretende fortalecer e consolidar a diversidade de trabalhos e reflex\u00f5es desenvolvidas atualmente acerca da interdisciplinaridade e suas implica\u00e7\u00f5es com as Ci\u00eancias Humanas e Sociais, consolidando a Universidade Federal do Maranh\u00e3o-UFMA no debate nacional e internacional. O IV Simp\u00f3sio Internacional Interdisciplinar em Cultura e Sociedade \u2013 SIICS realiza sua&nbsp;<strong>quarta edi\u00e7\u00e3o<\/strong>&nbsp;entre os dias&nbsp;<strong>27 e 29 de setembro de 2022<\/strong>, no formato virtual atrav\u00e9s do canal do&nbsp;<em>YouTube<\/em>&nbsp;do Programa de P\u00f3s-Gradua\u00e7\u00e3o em Cultura e Sociedade em raz\u00e3o do contexto de instabilidade sanit\u00e1ria em decorr\u00eancia da pandemia da Covid-19 e com o objetivo de amplia\u00e7\u00e3o do alcance do evento que ser\u00e1 transmitido no canal do&nbsp;<em>YouTube<\/em>&nbsp;do programa.<\/p>\n\n\n\n<p class=\"wp-block-paragraph\">Dessa forma, a quinta edi\u00e7\u00e3o do SIICS e a nona edi\u00e7\u00e3o da Semana Acad\u00eamica do PGCult apresentam em sua programa\u00e7\u00e3o participa\u00e7\u00f5es em forma de Comunica\u00e7\u00f5es, Minicursos, Mesas-Redondas, Confer\u00eancias e apresenta\u00e7\u00f5es culturais. Todo o formato leva em considera\u00e7\u00e3o os eixos tem\u00e1ticos dos professores participantes e dos seus Grupos de Pesquisa (Grupo de Pesquisa Epistemologia da Antropologia, Etnologia e Pol\u00edtica (GAEP), GEPELHI \u2013 Grupo de Estudos e de Pesquisa Literatura, Hist\u00f3ria e Imprensa, Laborat\u00f3rio de Tecnologias Dram\u00e1ticas \/LabTecDrama, Teoria da Afetividade na Idade Moderna e Filosofias da Psican\u00e1lise, Comunica\u00e7\u00e3o Midi\u00e1tica e Institucional, Grupo de Estudos em Mem\u00f3ria, Arte e Etnicidade, Grupo de Estudo e Pesquisa Interdisciplinar JeanJacques Rousseau-GEPI Rousseau, Estudos de Paisagem nas Literaturas de L\u00edngua Portuguesa, Ensino e Aprendizagem da Performance Musical, Grupo de estudo e pesquisa interdisciplinar em Kant \u2013 GEPI \u2013 Kant, Grupo de Pesquisa dos Sistemas Ambientais Maranhenses, Grupo Interdisciplinar em Sociedade e Meio Ambiente na Amaz\u00f4nia Oriental Maranhense, Grupo de Estudo e Pesquisas em Patrim\u00f4nio Cultural, Estudos e Pesquisas sobre Tecnologias digitais na educa\u00e7\u00e3o, N\u00facleo de Estudos em Direito e Desenvolvimento e Grupo de Pesquisas em Educa\u00e7\u00e3o Especial e Inclus\u00e3o do Programa de P\u00f3s-Gradua\u00e7\u00e3o em Cultura e Sociedade.<\/p>\n\n\n\n<p class=\"wp-block-paragraph\">Assim, o\u00a0S<strong>IICS<\/strong>\u00a0e a<strong> Semana Acad\u00eamica do PGCult <\/strong>j\u00e1 s\u00e3o importantes eventos acad\u00eamicos organizados pelo Programa de P\u00f3s-gradua\u00e7\u00e3o em Cultura e Sociedade do Centro de Ci\u00eancias Humanas da Universidade Federal do Maranh\u00e3o &#8211; PGCult &#8211; CCH &#8211; UFMA, os quais demonstram sua expressividade tanto na realidade brasileira quanto internacionalmente.<\/p>\n\n\n\n<p class=\"wp-block-paragraph\">A contribui\u00e7\u00e3o do evento para difus\u00e3o e transfer\u00eancia do conhecimento ser\u00e1 feita por meio de publica\u00e7\u00e3o e divulga\u00e7\u00e3o dos resultados em artigos cient\u00edficos nos Anais do evento conforme solicitado em edital. Haver\u00e1 um interc\u00e2mbio de conhecimento entre os grupos de pesquisas e os resultados ser\u00e3o apresentados por seus autores em atividades h\u00edbridas (presenciais e virtuais)\u00a0com reflexos na comunidade acad\u00eamica e n\u00e3o acad\u00eamica, movimentos sociais, comunidades tradicionais, entre outros nacionalmente e internacionalmente. Esse formato de apresenta\u00e7\u00e3o h\u00edbrida permite que pesquisadores que residem fora de S\u00e3o Lu\u00eds tenham a oportunidade de compartilhar seus projetos e pesquisas, trocar informa\u00e7\u00e3o e promover um <em>network<\/em> cient\u00edfico. Na modalidade virtual, somente participam aqueles que se inscreveram para tal modalidade.<\/p>\n\n\n\n<p class=\"wp-block-paragraph\">As discuss\u00f5es durante o evento fomentar\u00e3o a elabora\u00e7\u00e3o de projetos de pesquisa e extens\u00e3o que aproximem o Mestrado em Cultura e Sociedade \u2013 PGCult com a sociedade.<\/p>\n","protected":false},"excerpt":{"rendered":"<p>Em&nbsp;2013, foi realizado o I Simp\u00f3sio Interdisciplinar em Cultura e Sociedade, em n\u00edvel nacional, com a participa\u00e7\u00e3o de professores e pesquisadores do Programa em de P\u00f3sgradua\u00e7\u00e3o em Cultura e Sociedade \u2013 PGCULT, e com a participa\u00e7\u00e3o de professores de outros Programas Interdisciplinares, tendo a participa\u00e7\u00e3o especial do Professor Dr. Adalberto Silva Santos, da Universidade Federal [&hellip;]<\/p>\n","protected":false},"author":1,"featured_media":0,"parent":0,"menu_order":0,"comment_status":"closed","ping_status":"closed","template":"","meta":{"footnotes":""},"class_list":["post-141","page","type-page","status-publish","hentry"],"_links":{"self":[{"href":"https:\/\/siicsufma.shcomunicacao.com\/2024\/wp-json\/wp\/v2\/pages\/141","targetHints":{"allow":["GET"]}}],"collection":[{"href":"https:\/\/siicsufma.shcomunicacao.com\/2024\/wp-json\/wp\/v2\/pages"}],"about":[{"href":"https:\/\/siicsufma.shcomunicacao.com\/2024\/wp-json\/wp\/v2\/types\/page"}],"author":[{"embeddable":true,"href":"https:\/\/siicsufma.shcomunicacao.com\/2024\/wp-json\/wp\/v2\/users\/1"}],"replies":[{"embeddable":true,"href":"https:\/\/siicsufma.shcomunicacao.com\/2024\/wp-json\/wp\/v2\/comments?post=141"}],"version-history":[{"count":1,"href":"https:\/\/siicsufma.shcomunicacao.com\/2024\/wp-json\/wp\/v2\/pages\/141\/revisions"}],"predecessor-version":[{"id":142,"href":"https:\/\/siicsufma.shcomunicacao.com\/2024\/wp-json\/wp\/v2\/pages\/141\/revisions\/142"}],"wp:attachment":[{"href":"https:\/\/siicsufma.shcomunicacao.com\/2024\/wp-json\/wp\/v2\/media?parent=141"}],"curies":[{"name":"wp","href":"https:\/\/api.w.org\/{rel}","templated":true}]}}