{"id":157,"date":"2024-06-08T13:37:24","date_gmt":"2024-06-08T16:37:24","guid":{"rendered":"http:\/\/siicsufma.shcomunicacao.com\/2024\/?page_id=157"},"modified":"2024-10-20T21:57:36","modified_gmt":"2024-10-21T00:57:36","slug":"submissao-de-trabalhos","status":"publish","type":"page","link":"https:\/\/siicsufma.shcomunicacao.com\/2024\/submissao-de-trabalhos\/","title":{"rendered":"Submiss\u00e3o de Trabalhos"},"content":{"rendered":"\n<h3 class=\"wp-block-heading has-background\" style=\"background-color:#ebbb33\"><strong>Regras para os Resumos das Comunica\u00e7\u00f5es Orais<\/strong><\/h3>\n\n\n\n<p class=\"wp-block-paragraph\">O resumo tem que ser digitado em portugu\u00eas e conter o m\u00ednimo de 1.500 caracteres e o m\u00e1ximo de 5.000 caracteres com espa\u00e7os.<\/p>\n\n\n\n<p class=\"wp-block-paragraph\">Organize o resumo de forma a incluir t\u00edtulo, nome do (s) autor (es), minibiografia do (s) autor (es) &#8211; gradua\u00e7\u00e3o, especializa\u00e7\u00e3o, mestrado, doutorado e\/ou p\u00f3s-doutorado (n\u00e3o h\u00e1 necessidade de todos, pode ser um ou dois t\u00edtulos); informe, tamb\u00e9m, a institui\u00e7\u00e3o de cada forma\u00e7\u00e3o.<\/p>\n\n\n\n<p class=\"wp-block-paragraph\">Em caso dos orientadores\/professores, al\u00e9m de informar as instui\u00e7\u00f5es as quais receberam seus t\u00edtulos &#8211; graduado, especialista, mestre ou doutor (a) &#8211; insira, na \u00faltima linha, conforme a orienta\u00e7\u00e3o do template, a  institui\u00e7\u00e3o de v\u00ednculo, ou seja, qual a Institui\u00e7\u00e3o, seja superior ou n\u00e3o, o professor trabalha ou est\u00e1 vinculado.<\/p>\n\n\n\n<p class=\"wp-block-paragraph\">No resumo \u00e9 importante que tenha uma breve introdu\u00e7\u00e3o, os objetivos, a metodologia e a conclus\u00e3o do trabalho, formatado em Times New Roman, tamanho 12 e com o espa\u00e7amento simples,&nbsp;contendo at\u00e9 quatro palavras-chave.<\/p>\n\n\n\n<p class=\"wp-block-paragraph\"><mark style=\"background-color:rgba(0, 0, 0, 0)\" class=\"has-inline-color has-vivid-red-color\"><strong>IMPORTANTE:<\/strong> Os arquivos que ser\u00e3o submetidos devem estar <strong>SOMENTE<\/strong> em formato <strong>WORD<\/strong> (.doc ou .docx). Sob hip\u00f3tese alguma, envie o arquivo em PDF.<\/mark><\/p>\n\n\n\n<p class=\"wp-block-paragraph\">\u00c9 importante ressaltar que a comiss\u00e3o cient\u00edfica, respons\u00e1vel pela avalia\u00e7\u00e3o dos trabalhos, n\u00e3o ter\u00e1 acesso aos nomes dos autores dos trabalhos, por\u00e9m, ratificando a informa\u00e7\u00e3o anterior, o arquivo em WORD que ser\u00e1 anexado no ato da submiss\u00e3o, precisa vir com os nomes dos autores (incluindo coautores e orientadores), visto que ser\u00e3o necess\u00e1rios para a composi\u00e7\u00e3o dos anais.<\/p>\n\n\n\n<p class=\"wp-block-paragraph\"><strong>Per\u00edodo de submiss\u00e3o dos resumos:<\/strong>\u00a010\/6\/2024\u00a0at\u00e9 31\/10\/2024<\/p>\n\n\n\n<p class=\"wp-block-paragraph\"><strong>Per\u00edodo de submiss\u00e3o dos trabalhos completos para publica\u00e7\u00e3o no E-book:<\/strong>&nbsp;15\/11\/2024&nbsp;at\u00e9 31\/3\/2025<\/p>\n\n\n\n<h3 class=\"wp-block-heading\" id=\"h-observacoes\"><strong>Observa\u00e7\u00f5es<\/strong><\/h3>\n\n\n\n<ul class=\"wp-block-list\">\n<li><strong>\u200b<\/strong>Cada autor poder\u00e1 enviar <strong><mark style=\"background-color:rgba(0, 0, 0, 0);color:#960502\" class=\"has-inline-color\">at\u00e9 4 (quatro)&nbsp;resumos<\/mark><\/strong>, se desejar, um para cada eixo tem\u00e1tico, sendo o PRIMEIRO, o autor ou autora e os outros, coautor ou coautora, incluindo o orientador ou orientadora;<\/li>\n\n\n\n<li>Para cada trabalho podem participar, em coautoria, at\u00e9 5 (cinco) autores, incluindo o orientador, sendo que somente um apresentar\u00e1 o trabalho e essa escolha deve ser marcada no formul\u00e1rio no ato da submiss\u00e3o;<\/li>\n\n\n\n<li>Para publica\u00e7\u00e3o nas atas do simp\u00f3sio,&nbsp;todos os autores (incluindo coautor e orientador) devem estar inscritos no evento;<\/li>\n\n\n\n<li>Estudantes de gradua\u00e7\u00e3o, especializa\u00e7\u00e3o e mestrado, graduados e especialistas \u00e9 obrigat\u00f3rio ter um orientador com, pelo menos, o t\u00edtulo de mestre para submeter a comunica\u00e7\u00e3o oral. J\u00e1 os autores que possuem o t\u00edtulo de mestre e doutor n\u00e3o s\u00e3o necess\u00e1rios a participa\u00e7\u00e3o de orientador;<\/li>\n<\/ul>\n\n\n\n<p class=\"has-vivid-red-color has-text-color has-link-color wp-elements-1 wp-block-paragraph\"><strong><mark>IMPORTANTE &#8211; LEI GERAL DE PROTE\u00c7\u00c3O DE DADOS (LGPD)<\/mark><\/strong><\/p>\n\n\n\n<p class=\"wp-block-paragraph\">Com o objetivo de adequar as publica\u00e7\u00f5es \u00e0 Lei Geral de Prote\u00e7\u00e3o de Dados (LGPD) <a href=\"https:\/\/www.planalto.gov.br\/ccivil_03\/_ato2015-2018\/2018\/lei\/l13709.htm\" data-type=\"link\" data-id=\"https:\/\/www.planalto.gov.br\/ccivil_03\/_ato2015-2018\/2018\/lei\/l13709.htm\" target=\"_blank\" rel=\"noreferrer noopener\">Lei n\u00ba 13.709, de 14 de agosto de 2018<\/a>, que visa proteger os direitos de liberdade e de privacidade, criando normas a serem seguidas por empresas e governos para a coleta e o tratamento de dados pessoais e de dados sens\u00edveis, na elabora\u00e7\u00e3o do seu artigo para submiss\u00e3o, lembre-se de identificar embaixo das imagens da obra a fonte da ilustra\u00e7\u00e3o (de onde foi retirada a imagem, principalmente aquelas que possuem pessoas).<\/p>\n\n\n\n<p class=\"wp-block-paragraph\">Existem diversos sites que disponibilizam fotos com permiss\u00e3o de uso das imagens e as permiss\u00f5es s\u00e3o descritas no site (se s\u00e3o de dom\u00ednio p\u00fablico ou com Creative &#8211; CC BY &#8211; entre outras permiss\u00f5es que o pr\u00f3prio site coloca). Sendo assim, \u00e9 imprescind\u00edvel identificar de qual site, autor, ano e se as imagens t\u00eam permiss\u00e3o de serem utilizadas.<\/p>\n\n\n\n<p class=\"wp-block-paragraph\"><strong>Observa\u00e7\u00e3o:<\/strong> Captura de tela do YouTube n\u00e3o \u00e9 autoria.<\/p>\n\n\n\n<p class=\"wp-block-paragraph\">O fato de a fotografia estar acess\u00edvel mediante pesquisa em mecanismo de busca disponibilizado na internet n\u00e3o priva seu autor dos direitos assegurados pela legisla\u00e7\u00e3o de reg\u00eancia, tampouco autoriza a presun\u00e7\u00e3o de que ela esteja em dom\u00ednio p\u00fablico, haja vista tais circunst\u00e2ncias n\u00e3o consubstanciarem exce\u00e7\u00f5es previstas na lei.<\/p>\n\n\n\n<p class=\"wp-block-paragraph\"><em>Exemplo:<\/em><\/p>\n\n\n\n<p class=\"wp-block-paragraph\">Fonte: Ministra do Superior Tribunal de Justi\u00e7a (STJ) Nancy Andrighi ao relatar um processo sobre uso da imagem dispon\u00edvel na Internet em mar\u00e7o de 2020.<\/p>\n\n\n\n<p class=\"wp-block-paragraph\">Informamos que a n\u00e3o identifica\u00e7\u00e3o correta das imagens acarretar\u00e1 em suas exclus\u00f5es do artigo ou o texo analisado n\u00e3o ser\u00e1 inserido no trabalho que compor\u00e1 os anais do evento.<\/p>\n\n\n\n<h3 class=\"wp-block-heading has-text-color has-link-color wp-elements-2\" style=\"color:#0d067a\"><strong>Sobre as apresenta\u00e7\u00f5es virtuais<\/strong><\/h3>\n\n\n\n<p class=\"wp-block-paragraph\">Os participantes que residem em cidades localizadas fora da Grande Ilha (S\u00e3o Lu\u00eds, Raposa, S\u00e3o Jos\u00e9 de Ribamar e Pa\u00e7o do Lumiar), e tamb\u00e9m em outros estados ou pa\u00edses, poder\u00e3o apresentar seus trabalhos de forma virtual, por meio de link do Google Meet, que ser\u00e1 enviado um dia antes da apresenta\u00e7\u00e3o, exclusivamente para o e-mail dos autores, e, tamb\u00e9m, estar\u00e1 dispon\u00edvel para acesso na programa\u00e7\u00e3o das comunica\u00e7\u00f5es orais.<\/p>\n\n\n\n<p class=\"wp-block-paragraph\">No ato da submiss\u00e3o, informe seu estado, sua cidade, sua Institui\u00e7\u00e3o de v\u00ednculo, uma sugest\u00e3o de data para apresenta\u00e7\u00e3o e se sua apresenta\u00e7\u00e3o ser\u00e1 virtual ou presencial. Se necess\u00e1rio, poder\u00e1 marcar mais de uma op\u00e7\u00e3o. Ex.: o participante tem disponibilidade para os dias 12 e 13 de novembro, no ato da submiss\u00e3o, poder\u00e1 marcar os dois dias. Se houver disponibilidade para os tr\u00eas dias, basta marc\u00e1-los.<\/p>\n\n\n\n<p class=\"wp-block-paragraph\">O hor\u00e1rio das apresenta\u00e7\u00f5es ainda ser\u00e1 definido pela organiza\u00e7\u00e3o do evento de forma que n\u00e3o interfira no fluxo de atividades da programa\u00e7\u00e3o. N\u00e3o ser\u00e1 poss\u00edvel escolh\u00ea-lo.<\/p>\n\n\n\n<p class=\"has-text-color has-link-color wp-elements-3 wp-block-paragraph\" style=\"color:#960502\"><mark style=\"background-color:rgba(0, 0, 0, 0)\" class=\"has-inline-color has-vivid-red-color\"><strong>IMPORTANTE:<\/strong> As apresenta\u00e7\u00f5es virtuais ser\u00e3o <strong>SOMENTE<\/strong> para os participantes que <strong>N\u00c3O RESIDEM na Grande Ilha (S\u00e3o Lu\u00eds, Raposa, S\u00e3o Jos\u00e9 de Ribamar e Pa\u00e7o do Lumiar)<\/strong>. Os demais participantes, mesmo que por motivos de trabalho, dever\u00e3o participar presencialmente do <strong>V SIICS <\/strong>e da <strong>XI Semana Acad\u00eamica do PGCult<\/strong>, que ocorrer\u00e3o de 12 a 14 de novembro, no CCH &#8211; UFMA, em S\u00e3o Lu\u00eds<\/mark>.<\/p>\n\n\n\n<h3 class=\"wp-block-heading has-text-color has-link-color wp-elements-4\" style=\"color:#0d067a\"><strong>Eixos Tem\u00e1ticos<\/strong><\/h3>\n\n\n\n<p class=\"wp-block-paragraph\"><strong>\u25baEixo 1<\/strong>&nbsp;\u2013 Arte, Tecnologia e Educa\u00e7\u00e3o<br><strong>\u25baEixo 2&nbsp;<\/strong>\u2013&nbsp;G\u00eanero, Literatura e Filosofia<br><strong>\u25baEixo 3<\/strong>&nbsp;\u2013 Cidades, Patrim\u00f4nio Cultural e Sociedade<br><strong>\u25baEixo 4<\/strong>&nbsp;\u2013 M\u00eddias, Linguagens e Mem\u00f3ria<\/p>\n\n\n\n<h3 class=\"wp-block-heading has-text-align-center\"><strong>Templates Oficiais do Evento<\/strong><\/h3>\n\n\n\n<div class=\"wp-block-buttons is-content-justification-center is-layout-flex wp-container-core-buttons-is-layout-3e41869c wp-block-buttons-is-layout-flex\">\n<div class=\"wp-block-button\"><a class=\"wp-block-button__link has-white-color has-text-color has-background has-link-color wp-element-button\" href=\"http:\/\/siicsufma.shcomunicacao.com\/2024\/wp-content\/uploads\/2024\/06\/Template-Resumo-do-V-SIICS-e-da-XI-Semana-Academica-do-PGCult.docx\" style=\"border-radius:10px;background-color:#0d067a\">Template em WORD<\/a><\/div>\n\n\n\n<div class=\"wp-block-button\"><a class=\"wp-block-button__link has-white-color has-text-color has-background has-link-color wp-element-button\" href=\"http:\/\/siicsufma.shcomunicacao.com\/2024\/wp-content\/uploads\/2024\/06\/Template-de-Apresentacao-dos-Slides.pptx\" style=\"border-radius:10px;background-color:#0d067a\">Template para Slides<\/a><\/div>\n\n\n\n<div class=\"wp-block-button\"><a class=\"wp-block-button__link has-white-color has-text-color has-background has-link-color wp-element-button\" href=\"https:\/\/doity.com.br\/siicsufma2024\/artigos?modelo=5097#m\" style=\"border-radius:10px;background-color:#0d067a\" target=\"_blank\" rel=\"noreferrer noopener\">Enviar Resumo<\/a><\/div>\n<\/div>\n\n\n\n<h3 class=\"wp-block-heading has-text-align-center has-white-color has-text-color has-background has-link-color wp-elements-5\" style=\"background-color:#960502\"><strong>Artes do Evento para Download<\/strong><\/h3>\n\n\n\n<p class=\"wp-block-paragraph\">Visando a padroniza\u00e7\u00e3o das artes do evento, sem que haja distor\u00e7\u00e3o do material, ou seja, que seja esticado a ponto de perder sua est\u00e9tica e harmonia visual, e, tendo em vista que muitos participantes n\u00e3o fazem uso do Power Point para suas apresenta\u00e7\u00f5es, e sim do Canva, Prezi, entre outras plataformas dispon\u00edveis, a Comiss\u00e3o Organizadora disponibiliza, as artes originais que podem ser utilizadas para a formata\u00e7\u00e3o dos slides que ser\u00e3o utilizados pelo participante no dia a apresenta\u00e7\u00e3o.<\/p>\n\n\n\n<div class=\"wp-block-columns is-layout-flex wp-container-core-columns-is-layout-7387b849 wp-block-columns-is-layout-flex\">\n<div class=\"wp-block-column is-layout-flow wp-block-column-is-layout-flow\">\n<figure class=\"wp-block-image alignleft size-full is-resized\"><a href=\"http:\/\/siicsufma.shcomunicacao.com\/2024\/wp-content\/uploads\/2024\/06\/Cabecalho-1-\u2013-Tam-790-x-102-pixels.png\"><img fetchpriority=\"high\" decoding=\"async\" width=\"790\" height=\"102\" src=\"http:\/\/siicsufma.shcomunicacao.com\/2024\/wp-content\/uploads\/2024\/06\/Cabecalho-1-\u2013-Tam-790-x-102-pixels.png\" alt=\"\" class=\"wp-image-164\" style=\"width:412px;height:auto\" srcset=\"https:\/\/siicsufma.shcomunicacao.com\/2024\/wp-content\/uploads\/2024\/06\/Cabecalho-1-\u2013-Tam-790-x-102-pixels.png 790w, https:\/\/siicsufma.shcomunicacao.com\/2024\/wp-content\/uploads\/2024\/06\/Cabecalho-1-\u2013-Tam-790-x-102-pixels-300x39.png 300w, https:\/\/siicsufma.shcomunicacao.com\/2024\/wp-content\/uploads\/2024\/06\/Cabecalho-1-\u2013-Tam-790-x-102-pixels-768x99.png 768w\" sizes=\"(max-width: 790px) 100vw, 790px\" \/><\/a><figcaption class=\"wp-element-caption\"><em>Cabe\u00e7alho 1 \u2013 Tam 790 x 102 pixels<\/em><\/figcaption><\/figure>\n\n\n\n<figure class=\"wp-block-image alignleft size-large is-resized\"><a href=\"http:\/\/siicsufma.shcomunicacao.com\/2024\/wp-content\/uploads\/2024\/06\/Cabecalho-2-\u2013-Tam-1920-x-450.png\"><img decoding=\"async\" width=\"1024\" height=\"240\" src=\"http:\/\/siicsufma.shcomunicacao.com\/2024\/wp-content\/uploads\/2024\/06\/Cabecalho-2-\u2013-Tam-1920-x-450-1024x240.png\" alt=\"\" class=\"wp-image-165\" style=\"width:391px;height:auto\" srcset=\"https:\/\/siicsufma.shcomunicacao.com\/2024\/wp-content\/uploads\/2024\/06\/Cabecalho-2-\u2013-Tam-1920-x-450-1024x240.png 1024w, https:\/\/siicsufma.shcomunicacao.com\/2024\/wp-content\/uploads\/2024\/06\/Cabecalho-2-\u2013-Tam-1920-x-450-300x70.png 300w, https:\/\/siicsufma.shcomunicacao.com\/2024\/wp-content\/uploads\/2024\/06\/Cabecalho-2-\u2013-Tam-1920-x-450-768x180.png 768w, https:\/\/siicsufma.shcomunicacao.com\/2024\/wp-content\/uploads\/2024\/06\/Cabecalho-2-\u2013-Tam-1920-x-450-1536x360.png 1536w, https:\/\/siicsufma.shcomunicacao.com\/2024\/wp-content\/uploads\/2024\/06\/Cabecalho-2-\u2013-Tam-1920-x-450.png 1920w\" sizes=\"(max-width: 1024px) 100vw, 1024px\" \/><\/a><figcaption class=\"wp-element-caption\"><em>Cabe\u00e7alho 2 \u2013 Tam 1920 x 450<\/em><\/figcaption><\/figure>\n\n\n\n<figure class=\"wp-block-image alignleft size-large is-resized\"><a href=\"http:\/\/siicsufma.shcomunicacao.com\/2024\/wp-content\/uploads\/2024\/06\/Background-Apresentacao-de-Slides-Capa.png\"><img decoding=\"async\" width=\"1024\" height=\"576\" src=\"http:\/\/siicsufma.shcomunicacao.com\/2024\/wp-content\/uploads\/2024\/06\/Background-Apresentacao-de-Slides-Capa-1024x576.png\" alt=\"\" class=\"wp-image-162\" style=\"width:402px;height:auto\" srcset=\"https:\/\/siicsufma.shcomunicacao.com\/2024\/wp-content\/uploads\/2024\/06\/Background-Apresentacao-de-Slides-Capa-1024x576.png 1024w, https:\/\/siicsufma.shcomunicacao.com\/2024\/wp-content\/uploads\/2024\/06\/Background-Apresentacao-de-Slides-Capa-300x169.png 300w, https:\/\/siicsufma.shcomunicacao.com\/2024\/wp-content\/uploads\/2024\/06\/Background-Apresentacao-de-Slides-Capa-768x432.png 768w, https:\/\/siicsufma.shcomunicacao.com\/2024\/wp-content\/uploads\/2024\/06\/Background-Apresentacao-de-Slides-Capa-1536x864.png 1536w, https:\/\/siicsufma.shcomunicacao.com\/2024\/wp-content\/uploads\/2024\/06\/Background-Apresentacao-de-Slides-Capa.png 1920w\" sizes=\"(max-width: 1024px) 100vw, 1024px\" \/><\/a><figcaption class=\"wp-element-caption\"><em>Background Apresenta\u00e7\u00e3o de Slides (Capa)<\/em><\/figcaption><\/figure>\n\n\n\n<figure class=\"wp-block-image alignleft size-large is-resized\"><a href=\"http:\/\/siicsufma.shcomunicacao.com\/2024\/wp-content\/uploads\/2024\/06\/Background-Apresentacao-de-Slides-Paginas-Internas.png\"><img loading=\"lazy\" decoding=\"async\" width=\"1024\" height=\"592\" src=\"http:\/\/siicsufma.shcomunicacao.com\/2024\/wp-content\/uploads\/2024\/06\/Background-Apresentacao-de-Slides-Paginas-Internas-1024x592.png\" alt=\"\" class=\"wp-image-163\" style=\"width:400px\" srcset=\"https:\/\/siicsufma.shcomunicacao.com\/2024\/wp-content\/uploads\/2024\/06\/Background-Apresentacao-de-Slides-Paginas-Internas-1024x592.png 1024w, https:\/\/siicsufma.shcomunicacao.com\/2024\/wp-content\/uploads\/2024\/06\/Background-Apresentacao-de-Slides-Paginas-Internas-300x173.png 300w, https:\/\/siicsufma.shcomunicacao.com\/2024\/wp-content\/uploads\/2024\/06\/Background-Apresentacao-de-Slides-Paginas-Internas-768x444.png 768w, https:\/\/siicsufma.shcomunicacao.com\/2024\/wp-content\/uploads\/2024\/06\/Background-Apresentacao-de-Slides-Paginas-Internas-1536x888.png 1536w, https:\/\/siicsufma.shcomunicacao.com\/2024\/wp-content\/uploads\/2024\/06\/Background-Apresentacao-de-Slides-Paginas-Internas.png 1920w\" sizes=\"(max-width: 1024px) 100vw, 1024px\" \/><\/a><figcaption class=\"wp-element-caption\"><em>Background Apresenta\u00e7\u00e3o de Slides (P\u00e1ginas Internas)<\/em><\/figcaption><\/figure>\n<\/div>\n<\/div>\n\n\n\n<figure class=\"wp-block-image aligncenter size-large is-resized\"><a href=\"http:\/\/siicsufma.shcomunicacao.com\/2024\/wp-content\/uploads\/2024\/06\/Logotipo-do-V-SIICS-e-da-XI-Semana-Academica-do-PGCult.png\"><img loading=\"lazy\" decoding=\"async\" width=\"1024\" height=\"421\" src=\"http:\/\/siicsufma.shcomunicacao.com\/2024\/wp-content\/uploads\/2024\/06\/Logotipo-do-V-SIICS-e-da-XI-Semana-Academica-do-PGCult-1024x421.png\" alt=\"\" class=\"wp-image-166\" style=\"width:526px;height:auto\" srcset=\"https:\/\/siicsufma.shcomunicacao.com\/2024\/wp-content\/uploads\/2024\/06\/Logotipo-do-V-SIICS-e-da-XI-Semana-Academica-do-PGCult-1024x421.png 1024w, https:\/\/siicsufma.shcomunicacao.com\/2024\/wp-content\/uploads\/2024\/06\/Logotipo-do-V-SIICS-e-da-XI-Semana-Academica-do-PGCult-300x123.png 300w, https:\/\/siicsufma.shcomunicacao.com\/2024\/wp-content\/uploads\/2024\/06\/Logotipo-do-V-SIICS-e-da-XI-Semana-Academica-do-PGCult-768x316.png 768w, https:\/\/siicsufma.shcomunicacao.com\/2024\/wp-content\/uploads\/2024\/06\/Logotipo-do-V-SIICS-e-da-XI-Semana-Academica-do-PGCult-1536x632.png 1536w, https:\/\/siicsufma.shcomunicacao.com\/2024\/wp-content\/uploads\/2024\/06\/Logotipo-do-V-SIICS-e-da-XI-Semana-Academica-do-PGCult.png 1866w\" sizes=\"(max-width: 1024px) 100vw, 1024px\" \/><\/a><figcaption class=\"wp-element-caption\"><em>Logotipo do N\u00facleo de Humanidades (1866 x768)<\/em><\/figcaption><\/figure>\n\n\n\n<div class=\"wp-block-columns is-layout-flex wp-container-core-columns-is-layout-7387b849 wp-block-columns-is-layout-flex\">\n<div class=\"wp-block-column is-layout-flow wp-block-column-is-layout-flow\">\n<figure class=\"wp-block-image alignleft size-full is-resized\"><img loading=\"lazy\" decoding=\"async\" width=\"400\" height=\"400\" src=\"http:\/\/siicsufma.shcomunicacao.com\/2024\/wp-content\/uploads\/2024\/06\/Vermelho.png\" alt=\"\" class=\"wp-image-170\" style=\"width:116px;height:auto\" srcset=\"https:\/\/siicsufma.shcomunicacao.com\/2024\/wp-content\/uploads\/2024\/06\/Vermelho.png 400w, https:\/\/siicsufma.shcomunicacao.com\/2024\/wp-content\/uploads\/2024\/06\/Vermelho-300x300.png 300w, https:\/\/siicsufma.shcomunicacao.com\/2024\/wp-content\/uploads\/2024\/06\/Vermelho-150x150.png 150w\" sizes=\"(max-width: 400px) 100vw, 400px\" \/><\/figure>\n\n\n\n<p class=\"has-text-color has-link-color wp-elements-6 wp-block-paragraph\" style=\"color:#960502\"><strong>Cor Vemelha:<\/strong><br>RGB: <strong>R<\/strong> &#8211; 150 | <strong>G<\/strong> &#8211; 5 | <strong>B<\/strong> &#8211; 2<br>C\u00f3digo Hex: #960502<\/p>\n<\/div>\n\n\n\n<div class=\"wp-block-column is-layout-flow wp-block-column-is-layout-flow\">\n<figure class=\"wp-block-image alignleft size-full is-resized\"><img loading=\"lazy\" decoding=\"async\" width=\"400\" height=\"400\" src=\"http:\/\/siicsufma.shcomunicacao.com\/2024\/wp-content\/uploads\/2024\/06\/Azul.png\" alt=\"\" class=\"wp-image-172\" style=\"width:116px\" srcset=\"https:\/\/siicsufma.shcomunicacao.com\/2024\/wp-content\/uploads\/2024\/06\/Azul.png 400w, https:\/\/siicsufma.shcomunicacao.com\/2024\/wp-content\/uploads\/2024\/06\/Azul-300x300.png 300w, https:\/\/siicsufma.shcomunicacao.com\/2024\/wp-content\/uploads\/2024\/06\/Azul-150x150.png 150w\" sizes=\"(max-width: 400px) 100vw, 400px\" \/><\/figure>\n\n\n\n<p class=\"has-text-color has-link-color wp-elements-7 wp-block-paragraph\" style=\"color:#0d067a\"><strong>Cor Azul:<\/strong><br>RGB: <strong>R<\/strong> &#8211; 13 | <strong>G<\/strong> &#8211; 6 | <strong>B<\/strong> &#8211; 122<br>C\u00f3digo Hex: #0D067A<\/p>\n<\/div>\n<\/div>\n\n\n\n<div class=\"wp-block-columns is-layout-flex wp-container-core-columns-is-layout-7387b849 wp-block-columns-is-layout-flex\">\n<div class=\"wp-block-column is-layout-flow wp-block-column-is-layout-flow\">\n<figure class=\"wp-block-image alignleft size-full is-resized\"><img loading=\"lazy\" decoding=\"async\" width=\"400\" height=\"400\" src=\"http:\/\/siicsufma.shcomunicacao.com\/2024\/wp-content\/uploads\/2024\/06\/Amarelo.png\" alt=\"\" class=\"wp-image-171\" style=\"width:116px\" srcset=\"https:\/\/siicsufma.shcomunicacao.com\/2024\/wp-content\/uploads\/2024\/06\/Amarelo.png 400w, https:\/\/siicsufma.shcomunicacao.com\/2024\/wp-content\/uploads\/2024\/06\/Amarelo-300x300.png 300w, https:\/\/siicsufma.shcomunicacao.com\/2024\/wp-content\/uploads\/2024\/06\/Amarelo-150x150.png 150w\" sizes=\"(max-width: 400px) 100vw, 400px\" \/><\/figure>\n\n\n\n<p class=\"has-text-color has-link-color wp-elements-8 wp-block-paragraph\" style=\"color:#ebbb33\"><strong>Cor Amarela:<\/strong><br>RGB: <strong>R<\/strong> &#8211; 235 | <strong>G<\/strong> &#8211; 187 | <strong>B<\/strong> &#8211; 51<br>C\u00f3digo Hex: #EBBB33<\/p>\n<\/div>\n\n\n\n<div class=\"wp-block-column has-background is-layout-flow wp-block-column-is-layout-flow\" style=\"background-color:#e6e6e6\">\n<figure class=\"wp-block-image alignleft size-full is-resized\"><img loading=\"lazy\" decoding=\"async\" width=\"400\" height=\"400\" src=\"http:\/\/siicsufma.shcomunicacao.com\/2024\/wp-content\/uploads\/2024\/06\/Branco.png\" alt=\"\" class=\"wp-image-173\" style=\"width:116px\" srcset=\"https:\/\/siicsufma.shcomunicacao.com\/2024\/wp-content\/uploads\/2024\/06\/Branco.png 400w, https:\/\/siicsufma.shcomunicacao.com\/2024\/wp-content\/uploads\/2024\/06\/Branco-300x300.png 300w, https:\/\/siicsufma.shcomunicacao.com\/2024\/wp-content\/uploads\/2024\/06\/Branco-150x150.png 150w\" sizes=\"(max-width: 400px) 100vw, 400px\" \/><\/figure>\n\n\n\n<p class=\"wp-block-paragraph\"><strong>Cor Branca:<\/strong><br>RGB: <strong>R<\/strong> &#8211; 254 | <strong>G<\/strong> &#8211; 254 | <strong>B<\/strong> &#8211; 254<br>C\u00f3digo Hex: #FEFEFE<\/p>\n<\/div>\n<\/div>\n\n\n\n<p class=\"wp-block-paragraph\"><\/p>\n\n\n\n<figure class=\"wp-block-image alignleft size-full is-resized\"><img loading=\"lazy\" decoding=\"async\" width=\"400\" height=\"400\" src=\"http:\/\/siicsufma.shcomunicacao.com\/2024\/wp-content\/uploads\/2024\/06\/Cinza-Claro.png\" alt=\"\" class=\"wp-image-169\" style=\"width:116px\" srcset=\"https:\/\/siicsufma.shcomunicacao.com\/2024\/wp-content\/uploads\/2024\/06\/Cinza-Claro.png 400w, https:\/\/siicsufma.shcomunicacao.com\/2024\/wp-content\/uploads\/2024\/06\/Cinza-Claro-300x300.png 300w, https:\/\/siicsufma.shcomunicacao.com\/2024\/wp-content\/uploads\/2024\/06\/Cinza-Claro-150x150.png 150w\" sizes=\"(max-width: 400px) 100vw, 400px\" \/><\/figure>\n\n\n\n<p class=\"wp-block-paragraph\"><strong>Cor Cinza Claro:<\/strong><br>RGB: <strong>R<\/strong> &#8211; 230 | <strong>G<\/strong> &#8211; 230 | <strong>B<\/strong> &#8211; 230<br>C\u00f3digo Hex: #E6E6E6<\/p>\n\n\n\n<div style=\"height:45px\" aria-hidden=\"true\" class=\"wp-block-spacer\"><\/div>\n\n\n\n<h3 class=\"wp-block-heading has-background\" style=\"background-color:#ebbb33\"><strong>Regras para Trabalhos Completos<\/strong><\/h3>\n\n\n\n<p class=\"wp-block-paragraph\"><strong>CHAMADA PARA PUBLICA\u00c7\u00c3O DOS ARTIGOS (TRABALHOS COMPLETOS APRESENTADOS) NOS ANAIS DO V SIICS E DA XI SEMANA ACAD\u00caMICA DO PGCULT<\/strong><\/p>\n\n\n\n<p class=\"wp-block-paragraph\">Convidamos os participantes do V Simp\u00f3sio Internacional Interdisciplinar em Cultura e Sociedade (SIICS) e da XI Semana Acad\u00eamica do PGCult (individualmente ou em coautoria com demais autores, orientadores e professores), que apresentaram confer\u00eancias, mesas-redondas e comunica\u00e7\u00f5es durante o evento, a enviarem seu texto de <strong>15 de NOVEMBRO de 2024<\/strong> <strong>at\u00e9 o dia 31 de MAR\u00c7O de 2025<\/strong>, para que sejam publicados no E-book do evento.<\/p>\n\n\n\n<p class=\"wp-block-paragraph\">Cada autor poder\u00e1 submeter at\u00e9 (4) quatro trabalhos apresentados.<\/p>\n\n\n\n<p class=\"wp-block-paragraph\">Todos os trabalhos aprovados para a publica\u00e7\u00e3o aparecer\u00e3o no E-book do V SIICS e XI Semana Acad\u00eamica do PGCult, que ter\u00e1 selo da EDUFMA e ISBN emitido pela editora da Universidade Federal do Maranh\u00e3o.<\/p>\n\n\n\n<h3 class=\"wp-block-heading\"><strong>Regras para submiss\u00e3o:<\/strong><\/h3>\n\n\n\n<p class=\"wp-block-paragraph\"><strong>\u200b<\/strong>1. Os trabalhos completos dever\u00e3o ser enquadrados nas orienta\u00e7\u00f5es abaixo e encaminhados do seguinte modo:<\/p>\n\n\n\n<p class=\"wp-block-paragraph\">\u2013 Adequa\u00e7\u00e3o \u00e0s \u00e1reas dos quatro eixos tem\u00e1ticos do V SIICS e da XI Semana Acad\u00eamica do PGCult:<\/p>\n\n\n\n<p class=\"wp-block-paragraph\"><strong>a) Eixo 1<\/strong> \u2013 Arte, Tecnologia e Educa\u00e7\u00e3o;<\/p>\n\n\n\n<p class=\"wp-block-paragraph\"><strong>b) Eixo 2<\/strong> \u2013 G\u00eanero, Literatura e Filosofia;<\/p>\n\n\n\n<p class=\"wp-block-paragraph\"><strong>c) Eixo 3<\/strong> \u2013&nbsp;Cidades, Patrim\u00f4nio Cultural e Sociedade<\/p>\n\n\n\n<p class=\"wp-block-paragraph\"><strong>c)<\/strong> <strong>Eixo 4 <\/strong>\u2013 M\u00eddias, Linguagens, Mem\u00f3ria e Sociedade<\/p>\n\n\n\n<p class=\"wp-block-paragraph\">\u200b2. Os artigos devem ser submetidos somente em&nbsp;formato Word.<\/p>\n\n\n\n<p class=\"wp-block-paragraph\">3. Primeiras linhas: &nbsp;\u2013 T\u00edtulo, nome do (s) autor (es), minibiografia do (s) autor (es) \u2013 gradua\u00e7\u00e3o, especializa\u00e7\u00e3o, mestrado, doutorado e\/ou p\u00f3s-doutorado (n\u00e3o h\u00e1 necessidade de todos, pode ser um ou dois t\u00edtulos); informe, tamb\u00e9m, a institui\u00e7\u00e3o de cada forma\u00e7\u00e3o. Em caso dos orientadores\/professores, al\u00e9m de informar as instui\u00e7\u00f5es as quais receberam seus t\u00edtulos \u2013 graduado, especialista, mestre ou doutor (a) \u2013 insira, na \u00faltima linha, conforme a orienta\u00e7\u00e3o do template, a institui\u00e7\u00e3o de v\u00ednculo, ou seja, qual a Institui\u00e7\u00e3o, seja superior ou n\u00e3o, o professor trabalha ou est\u00e1 vinculado.<\/p>\n\n\n\n<p class=\"wp-block-paragraph\">4. Resumo com at\u00e9 4 (quatro) palavras-chave.<\/p>\n\n\n\n<p class=\"wp-block-paragraph\">5. Em Seguida: Texto (Introdu\u00e7\u00e3o, Desenvolvimento, Conclus\u00e3o e Refer\u00eancias).<\/p>\n\n\n\n<p class=\"wp-block-paragraph\">6. Formata\u00e7\u00e3o do texto: fonte Times New Roman tamanho 12; folha A4 com margens superior e esquerda de 3 cm e inferior e direita de 2 cm; par\u00e1grafo deve iniciar com recuo \u00e0 esquerda de 1,25 cm; espa\u00e7amento entre linhas 1,5; cita\u00e7\u00e3o em destaque a partir de 4 linhas com recuo de 4 cm \u00e0 esquerda, espa\u00e7amento simples, fonte tamanho 10; refer\u00eancias bibliogr\u00e1ficas no corpo do texto seguindo o modelo (Autor, ano, p\u00e1gina) e refer\u00eancias completas no final do texto (de acordo com as regras da ABNT);<\/p>\n\n\n\n<p class=\"wp-block-paragraph\"><strong>Quantidade de p\u00e1ginas:<\/strong>&nbsp;m\u00ednimo 10 ; m\u00e1ximo 20 p\u00e1ginas<\/p>\n\n\n\n<p class=\"wp-block-paragraph\"><strong>Per\u00edodo de submiss\u00e3o dos trabalhos completos para publica\u00e7\u00e3o no E-book:<\/strong>&nbsp;15\/11\/2024&nbsp;at\u00e9 31\/3\/2025<\/p>\n\n\n\n<p class=\"wp-block-paragraph\">7. As figuras e tabelas devem estar inseridas no texto;<\/p>\n\n\n\n<p class=\"wp-block-paragraph\"><\/p>\n\n\n\n<p class=\"wp-block-paragraph\">8.&nbsp;<strong>Declara\u00e7\u00e3o de responsabilidade autoral:&nbsp;<\/strong>Ao submeter os trabalhos completos, todos os autores (incluindo coautores e orientadores) declaram, sob compromisso de honra, a leg\u00edtima autoria dos textos apresentados, sujeitando-os a mecanismos de detec\u00e7\u00e3o de pl\u00e1gio o que, quando detectado, implica a imediata rejei\u00e7\u00e3o dos trabalhos.<\/p>\n\n\n\n<p class=\"has-vivid-red-color has-text-color has-link-color wp-elements-9 wp-block-paragraph\"><strong><mark>IMPORTANTE &#8211; LEI GERAL DE PROTE\u00c7\u00c3O DE DADOS (LGPD)<\/mark><\/strong><\/p>\n\n\n\n<p class=\"wp-block-paragraph\">Com o objetivo de adequar as publica\u00e7\u00f5es \u00e0 Lei Geral de Prote\u00e7\u00e3o de Dados (LGPD) <a href=\"https:\/\/www.planalto.gov.br\/ccivil_03\/_ato2015-2018\/2018\/lei\/l13709.htm\" data-type=\"link\" data-id=\"https:\/\/www.planalto.gov.br\/ccivil_03\/_ato2015-2018\/2018\/lei\/l13709.htm\" target=\"_blank\" rel=\"noreferrer noopener\">Lei n\u00ba 13.709, de 14 de agosto de 2018<\/a>, que visa proteger os direitos de liberdade e de privacidade, criando normas a serem seguidas por empresas e governos para a coleta e o tratamento de dados pessoais e de dados sens\u00edveis, na elabora\u00e7\u00e3o do seu artigo para submiss\u00e3o, lembre-se de identificar embaixo das imagens da obra a fonte da ilustra\u00e7\u00e3o (de onde foi retirada a imagem, principalmente aquelas que possuem pessoas).<\/p>\n\n\n\n<p class=\"wp-block-paragraph\">Existem diversos sites que disponibilizam fotos com permiss\u00e3o de uso das imagens e as permiss\u00f5es s\u00e3o descritas no site (se s\u00e3o de dom\u00ednio p\u00fablico ou com Creative &#8211; CC BY &#8211; entre outras permiss\u00f5es que o pr\u00f3prio site coloca). Sendo assim, \u00e9 imprescind\u00edvel identificar de qual site, autor, ano e se as imagens t\u00eam permiss\u00e3o de serem utilizadas.<\/p>\n\n\n\n<p class=\"wp-block-paragraph\"><strong>Observa\u00e7\u00e3o:<\/strong> Captura de tela do YouTube n\u00e3o \u00e9 autoria.<\/p>\n\n\n\n<p class=\"wp-block-paragraph\">O fato de a fotografia estar acess\u00edvel mediante pesquisa em mecanismo de busca disponibilizado na internet n\u00e3o priva seu autor dos direitos assegurados pela legisla\u00e7\u00e3o de reg\u00eancia, tampouco autoriza a presun\u00e7\u00e3o de que ela esteja em dom\u00ednio p\u00fablico, haja vista tais circunst\u00e2ncias n\u00e3o consubstanciarem exce\u00e7\u00f5es previstas na lei.<\/p>\n\n\n\n<p class=\"wp-block-paragraph\"><em>Exemplo:<\/em><\/p>\n\n\n\n<p class=\"wp-block-paragraph\">Fonte: Ministra do Superior Tribunal de Justi\u00e7a (STJ) Nancy Andrighi ao relatar um processo sobre uso da imagem dispon\u00edvel na Internet em mar\u00e7o de 2020.<\/p>\n\n\n\n<p class=\"wp-block-paragraph\">Informamos que a n\u00e3o identifica\u00e7\u00e3o correta das imagens acarretar\u00e1 em suas exclus\u00f5es do artigo ou o texo analisado n\u00e3o ser\u00e1 inserido no trabalho que compor\u00e1 os anais do evento.<\/p>\n\n\n\n<p class=\"wp-block-paragraph\">Aguardamos a colabora\u00e7\u00e3o de voc\u00eas.<\/p>\n\n\n\n<p class=\"wp-block-paragraph\">\u200bComiss\u00e3o Organizadora do V Simp\u00f3sio Internacional Interdisciplinar em Cultura e Sociedade e da XI Semana Acad\u00eamica do PGCult.<\/p>\n\n\n\n<div class=\"wp-block-buttons is-content-justification-center is-layout-flex wp-container-core-buttons-is-layout-3e41869c wp-block-buttons-is-layout-flex\">\n<div class=\"wp-block-button\"><a class=\"wp-block-button__link has-white-color has-text-color has-background has-link-color wp-element-button\" href=\"http:\/\/siicsufma.shcomunicacao.com\/2024\/wp-content\/uploads\/2024\/06\/Template-Trabalhos-Completos-do-V-SIICS-e-da-XI-Semana-Academica-do-PGCult.docx\" style=\"border-radius:10px;background-color:#0d067a\" target=\"_blank\" rel=\"noreferrer noopener\">Template em WORD<\/a><\/div>\n\n\n\n<div class=\"wp-block-button\"><a class=\"wp-block-button__link has-white-color has-text-color has-background has-link-color wp-element-button\" href=\"https:\/\/doity.com.br\/siicsufma2024\/artigos?modelo=5100#m\" style=\"border-radius:10px;background-color:#0d067a\" target=\"_blank\" rel=\"noreferrer noopener\">Enviar Trabalho Completo<\/a><\/div>\n<\/div>\n","protected":false},"excerpt":{"rendered":"<p>Regras para os Resumos das Comunica\u00e7\u00f5es Orais O resumo tem que ser digitado em portugu\u00eas e conter o m\u00ednimo de 1.500 caracteres e o m\u00e1ximo de 5.000 caracteres com espa\u00e7os. Organize o resumo de forma a incluir t\u00edtulo, nome do (s) autor (es), minibiografia do (s) autor (es) &#8211; gradua\u00e7\u00e3o, especializa\u00e7\u00e3o, mestrado, doutorado e\/ou p\u00f3s-doutorado [&hellip;]<\/p>\n","protected":false},"author":1,"featured_media":0,"parent":0,"menu_order":0,"comment_status":"closed","ping_status":"closed","template":"","meta":{"footnotes":""},"class_list":["post-157","page","type-page","status-publish","hentry"],"_links":{"self":[{"href":"https:\/\/siicsufma.shcomunicacao.com\/2024\/wp-json\/wp\/v2\/pages\/157","targetHints":{"allow":["GET"]}}],"collection":[{"href":"https:\/\/siicsufma.shcomunicacao.com\/2024\/wp-json\/wp\/v2\/pages"}],"about":[{"href":"https:\/\/siicsufma.shcomunicacao.com\/2024\/wp-json\/wp\/v2\/types\/page"}],"author":[{"embeddable":true,"href":"https:\/\/siicsufma.shcomunicacao.com\/2024\/wp-json\/wp\/v2\/users\/1"}],"replies":[{"embeddable":true,"href":"https:\/\/siicsufma.shcomunicacao.com\/2024\/wp-json\/wp\/v2\/comments?post=157"}],"version-history":[{"count":34,"href":"https:\/\/siicsufma.shcomunicacao.com\/2024\/wp-json\/wp\/v2\/pages\/157\/revisions"}],"predecessor-version":[{"id":369,"href":"https:\/\/siicsufma.shcomunicacao.com\/2024\/wp-json\/wp\/v2\/pages\/157\/revisions\/369"}],"wp:attachment":[{"href":"https:\/\/siicsufma.shcomunicacao.com\/2024\/wp-json\/wp\/v2\/media?parent=157"}],"curies":[{"name":"wp","href":"https:\/\/api.w.org\/{rel}","templated":true}]}}