{"id":239,"date":"2024-06-09T00:58:47","date_gmt":"2024-06-09T03:58:47","guid":{"rendered":"http:\/\/siicsufma.shcomunicacao.com\/2024\/?page_id=239"},"modified":"2024-10-20T21:57:16","modified_gmt":"2024-10-21T00:57:16","slug":"propostas-de-minicursos","status":"publish","type":"page","link":"https:\/\/siicsufma.shcomunicacao.com\/2024\/propostas-de-minicursos\/","title":{"rendered":"Propostas de Minicursos"},"content":{"rendered":"\n<h3 class=\"wp-block-heading has-background\" style=\"background-color:#ebbb33\"><strong>Regras para envio das propostas<\/strong><\/h3>\n\n\n\n<p class=\"wp-block-paragraph\">O resumo tem que ser digitado em portugu\u00eas e conter o m\u00ednimo de 1.500 caracteres e o m\u00e1ximo de 5.000 caracteres com espa\u00e7os.<\/p>\n\n\n\n<p class=\"wp-block-paragraph\">Organize o resumo de forma a incluir t\u00edtulo, nome do (s) ministrante (es), minibiografia do (s) ministrante (s) &#8211; gradua\u00e7\u00e3o, especializa\u00e7\u00e3o, mestrado, doutorado e\/ou p\u00f3s-doutorado (n\u00e3o h\u00e1 necessidade de todos, pode ser um ou dois t\u00edtulos); informe, tamb\u00e9m, a institui\u00e7\u00e3o de cada forma\u00e7\u00e3o.<\/p>\n\n\n\n<p class=\"wp-block-paragraph\">No resumo \u00e9 importante que tenha uma breve introdu\u00e7\u00e3o, os objetivos, a metodologia e a conclus\u00e3o do trabalho, formatado em Times New Roman, tamanho 12 e com o espa\u00e7amento simples,&nbsp;contendo at\u00e9 quatro palavras-chave.<\/p>\n\n\n\n<p class=\"wp-block-paragraph\"><mark style=\"background-color:rgba(0, 0, 0, 0)\" class=\"has-inline-color has-vivid-red-color\"><strong>IMPORTANTE:<\/strong> Os arquivos que ser\u00e3o submetidos devem estar <strong>SOMENTE<\/strong> em formato <strong>WORD<\/strong> (.doc ou .docx). Sob hip\u00f3tese alguma, envie o arquivo em PDF.<\/mark><\/p>\n\n\n\n<p class=\"wp-block-paragraph\">\u00c9 importante ressaltar que a comiss\u00e3o cient\u00edfica, respons\u00e1vel pela avalia\u00e7\u00e3o dos trabalhos, n\u00e3o ter\u00e1 acesso aos nomes dos proponentes do minicurso, por\u00e9m, ratificando a informa\u00e7\u00e3o anterior, o arquivo em WORD que ser\u00e1 anexado no ato da submiss\u00e3o, precisa vir com o (s) nome (s) do (s) ministrante (s), visto que ser\u00e3o necess\u00e1rios para a composi\u00e7\u00e3o dos anais.<\/p>\n\n\n\n<p class=\"wp-block-paragraph\"><strong>Per\u00edodo de submiss\u00e3o das propostas:<\/strong>\u00a010\/6\/2024\u00a0at\u00e9 <s>13\/10\/2024<\/s> 31\/10\/2024<\/p>\n\n\n\n<h3 class=\"wp-block-heading\" id=\"h-observacoes\"><strong>Observa\u00e7\u00f5es<\/strong><\/h3>\n\n\n\n<ul class=\"wp-block-list\">\n<li>Cada proponente poder\u00e1 enviar <strong><mark style=\"background-color:rgba(0, 0, 0, 0);color:#960502\" class=\"has-inline-color\">at\u00e9 1 (um)&nbsp;resumo por eixo tem\u00e1tico<\/mark><\/strong>;<\/li>\n\n\n\n<li>Para cada minicurso podem participar 1 (um) proponente&nbsp;e at\u00e9 2 (dois) integrantes;<\/li>\n\n\n\n<li>O envio da proposta para o minicurso n\u00e3o inviabiliza enviar proposta para a mesa-redonda;<\/li>\n\n\n\n<li>Para homologa\u00e7\u00e3o da proposta no V SIICS e na XI Semana Acad\u00eamica do PGCult,&nbsp;todos os integrantes dever\u00e3o estar inscritos no evento;<\/li>\n\n\n\n<li>\u00c9 necess\u00e1rio que o proponente do minicurso possua, pelo menos, o t\u00edtulo de mestre;<\/li>\n\n\n\n<li>Os minicursos ter\u00e3o dura\u00e7\u00e3o m\u00ednima de 1 (um) dia e m\u00e1ximo de 3 (tr\u00eas) dias e poder\u00e3o ocorrer, al\u00e9m do presencial, em formato on-line, via Google Meet, para aqueles proponentes e integrantes que n\u00e3o puderem participar presencialmente, por residirem fora da Grande Ilha (S\u00e3o Lu\u00eds, Raposa, S\u00e3o Jos\u00e9 de Ribamar e Pa\u00e7o do Lumiar). Nenhum minicurso poder\u00e1 ser pensado em formato h\u00edbrido, ou ele ser\u00e1 presencial ou virtual. Essa modalidade dever\u00e1 ser informada no ato da submiss\u00e3o da proposta;<\/li>\n\n\n\n<li>Para publica\u00e7\u00e3o nas atas do simp\u00f3sio,&nbsp;todos os integrantes do minicurso dever\u00e3o estar inscritos no evento.<\/li>\n<\/ul>\n\n\n\n<h3 class=\"wp-block-heading has-text-color has-link-color wp-elements-1\" style=\"color:#0d067a\"><strong>Sobre as apresenta\u00e7\u00f5es virtuais<\/strong><\/h3>\n\n\n\n<p class=\"wp-block-paragraph\">O proponente e seu (s) integrante (s) que residem em cidades localizadas fora da Grande Ilha (S\u00e3o Lu\u00eds, Raposa, S\u00e3o Jos\u00e9 de Ribamar e Pa\u00e7o do Lumiar), e tamb\u00e9m em outros estados ou pa\u00edses, poder\u00e3o ministrar seu minicurso de forma virtual, por meio de link do Google Meet, que ser\u00e1 enviado um dia antes do evento iniciar, exclusivamente para o e-mail do proponente e seu (s) integrante (s), e, tamb\u00e9m, estar\u00e1 dispon\u00edvel para acesso na programa\u00e7\u00e3o dos minicursos.<\/p>\n\n\n\n<p class=\"has-vivid-red-color has-text-color has-link-color wp-elements-2 wp-block-paragraph\">No ato da submiss\u00e3o, informe sua cidade, seu estado, pa\u00eds, sua Institui\u00e7\u00e3o de v\u00ednculo, se o minicurso ser\u00e1 presencial ou virtual, e uma sugest\u00e3o de data para a realiza\u00e7\u00e3o do minicurso, que poder\u00e1 ser um dia ou os tr\u00eas, dependendo da carga hor\u00e1ria de cada minicurso, que ter\u00e1 dura\u00e7\u00e3o de 4 (quatro) horas.<\/p>\n\n\n\n<p class=\"wp-block-paragraph\">O hor\u00e1rio das apresenta\u00e7\u00f5es ainda ser\u00e1 definido pela organiza\u00e7\u00e3o do evento de forma que n\u00e3o interfira no fluxo de atividades da programa\u00e7\u00e3o, portanto, n\u00e3o ser\u00e1 poss\u00edvel escolh\u00ea-lo.<\/p>\n\n\n\n<p class=\"has-text-color has-link-color wp-elements-3 wp-block-paragraph\" style=\"color:#960502\"><mark style=\"background-color:rgba(0, 0, 0, 0)\" class=\"has-inline-color has-vivid-red-color\"><strong>IMPORTANTE:<\/strong> Os minicursos realizados virtualmente ser\u00e3o <strong>SOMENTE<\/strong> para os participantes que <strong>N\u00c3O RESIDEM na Grande Ilha (S\u00e3o Lu\u00eds, Raposa, S\u00e3o Jos\u00e9 de Ribamar e Pa\u00e7o do Lumiar)<\/strong>. Os demais participantes, mesmo que por motivos de trabalho, dever\u00e3o participar presencialmente do <strong>V SIICS <\/strong>e da <strong>XI Semana Acad\u00eamica do PGCult<\/strong>, que ocorrer\u00e3o de 12 a 14 de novembro, no CCH &#8211; UFMA, em S\u00e3o Lu\u00eds<\/mark>.<\/p>\n\n\n\n<h3 class=\"wp-block-heading has-text-color has-link-color wp-elements-4\" style=\"color:#0d067a\"><strong>Eixos Tem\u00e1ticos<\/strong><\/h3>\n\n\n\n<p class=\"wp-block-paragraph\"><strong>\u25baEixo 1<\/strong>&nbsp;\u2013 Arte, Tecnologia e Educa\u00e7\u00e3o<br><strong>\u25baEixo 2&nbsp;<\/strong>\u2013&nbsp;G\u00eanero, Literatura e Filosofia<br><strong>\u25baEixo 3<\/strong>&nbsp;\u2013 Cidades, Patrim\u00f4nio Cultural e Sociedade<br><strong>\u25baEixo 4<\/strong>&nbsp;\u2013 M\u00eddias, Linguagens e Mem\u00f3ria<\/p>\n\n\n\n<h3 class=\"wp-block-heading has-text-align-center\"><strong>Templates Oficiais do Evento<\/strong><\/h3>\n\n\n\n<div class=\"wp-block-buttons is-content-justification-center is-layout-flex wp-container-core-buttons-is-layout-3e41869c wp-block-buttons-is-layout-flex\">\n<div class=\"wp-block-button\"><a class=\"wp-block-button__link has-white-color has-text-color has-background has-link-color wp-element-button\" href=\"http:\/\/siicsufma.shcomunicacao.com\/2024\/wp-content\/uploads\/2024\/06\/Template-Minicurso-do-V-SIICS-e-da-XI-Semana-Academica-do-PGCult.docx\" style=\"border-radius:10px;background-color:#0d067a\">Template em WORD<\/a><\/div>\n\n\n\n<div class=\"wp-block-button\"><a class=\"wp-block-button__link has-white-color has-text-color has-background has-link-color wp-element-button\" href=\"http:\/\/siicsufma.shcomunicacao.com\/2024\/wp-content\/uploads\/2024\/06\/Template-de-Apresentacao-dos-Slides.pptx\" style=\"border-radius:10px;background-color:#0d067a\">Template para Slides<\/a><\/div>\n\n\n\n<div class=\"wp-block-button\"><a class=\"wp-block-button__link has-white-color has-text-color has-background has-link-color wp-element-button\" href=\"https:\/\/doity.com.br\/siicsufma2024\/artigos?modelo=5098#m\" style=\"border-radius:10px;background-color:#0d067a\" target=\"_blank\" rel=\"noreferrer noopener\">Enviar Proposta<\/a><\/div>\n<\/div>\n\n\n\n<h3 class=\"wp-block-heading has-text-align-center has-white-color has-text-color has-background has-link-color wp-elements-5\" style=\"background-color:#960502\"><strong>Artes do Evento para Download<\/strong><\/h3>\n\n\n\n<p class=\"wp-block-paragraph\">Visando a padroniza\u00e7\u00e3o das artes do evento, sem que haja distor\u00e7\u00e3o do material, ou seja, que seja esticado a ponto de perder sua est\u00e9tica e harmonia visual, e, tendo em vista que muitos participantes n\u00e3o fazem uso do Power Point para suas apresenta\u00e7\u00f5es, e sim do Canva, Prezi, entre outras plataformas dispon\u00edveis, a Comiss\u00e3o Organizadora disponibiliza, as artes originais que podem ser utilizadas para a formata\u00e7\u00e3o dos slides que ser\u00e3o utilizados pelo participante no dia a apresenta\u00e7\u00e3o.<\/p>\n\n\n\n<div class=\"wp-block-columns is-layout-flex wp-container-core-columns-is-layout-7387b849 wp-block-columns-is-layout-flex\">\n<div class=\"wp-block-column is-layout-flow wp-block-column-is-layout-flow\">\n<figure class=\"wp-block-image alignleft size-full is-resized\"><a href=\"http:\/\/siicsufma.shcomunicacao.com\/2024\/wp-content\/uploads\/2024\/06\/Cabecalho-1-\u2013-Tam-790-x-102-pixels.png\"><img fetchpriority=\"high\" decoding=\"async\" width=\"790\" height=\"102\" src=\"http:\/\/siicsufma.shcomunicacao.com\/2024\/wp-content\/uploads\/2024\/06\/Cabecalho-1-\u2013-Tam-790-x-102-pixels.png\" alt=\"\" class=\"wp-image-164\" style=\"width:412px;height:auto\" srcset=\"https:\/\/siicsufma.shcomunicacao.com\/2024\/wp-content\/uploads\/2024\/06\/Cabecalho-1-\u2013-Tam-790-x-102-pixels.png 790w, https:\/\/siicsufma.shcomunicacao.com\/2024\/wp-content\/uploads\/2024\/06\/Cabecalho-1-\u2013-Tam-790-x-102-pixels-300x39.png 300w, https:\/\/siicsufma.shcomunicacao.com\/2024\/wp-content\/uploads\/2024\/06\/Cabecalho-1-\u2013-Tam-790-x-102-pixels-768x99.png 768w\" sizes=\"(max-width: 790px) 100vw, 790px\" \/><\/a><figcaption class=\"wp-element-caption\"><em>Cabe\u00e7alho 1 \u2013 Tam 790 x 102 pixels<\/em><\/figcaption><\/figure>\n\n\n\n<figure class=\"wp-block-image alignleft size-large is-resized\"><a href=\"http:\/\/siicsufma.shcomunicacao.com\/2024\/wp-content\/uploads\/2024\/06\/Cabecalho-2-\u2013-Tam-1920-x-450.png\"><img decoding=\"async\" width=\"1024\" height=\"240\" src=\"http:\/\/siicsufma.shcomunicacao.com\/2024\/wp-content\/uploads\/2024\/06\/Cabecalho-2-\u2013-Tam-1920-x-450-1024x240.png\" alt=\"\" class=\"wp-image-165\" style=\"width:391px;height:auto\" srcset=\"https:\/\/siicsufma.shcomunicacao.com\/2024\/wp-content\/uploads\/2024\/06\/Cabecalho-2-\u2013-Tam-1920-x-450-1024x240.png 1024w, https:\/\/siicsufma.shcomunicacao.com\/2024\/wp-content\/uploads\/2024\/06\/Cabecalho-2-\u2013-Tam-1920-x-450-300x70.png 300w, https:\/\/siicsufma.shcomunicacao.com\/2024\/wp-content\/uploads\/2024\/06\/Cabecalho-2-\u2013-Tam-1920-x-450-768x180.png 768w, https:\/\/siicsufma.shcomunicacao.com\/2024\/wp-content\/uploads\/2024\/06\/Cabecalho-2-\u2013-Tam-1920-x-450-1536x360.png 1536w, https:\/\/siicsufma.shcomunicacao.com\/2024\/wp-content\/uploads\/2024\/06\/Cabecalho-2-\u2013-Tam-1920-x-450.png 1920w\" sizes=\"(max-width: 1024px) 100vw, 1024px\" \/><\/a><figcaption class=\"wp-element-caption\"><em>Cabe\u00e7alho 2 \u2013 Tam 1920 x 450<\/em><\/figcaption><\/figure>\n\n\n\n<figure class=\"wp-block-image alignleft size-large is-resized\"><a href=\"http:\/\/siicsufma.shcomunicacao.com\/2024\/wp-content\/uploads\/2024\/06\/Background-Apresentacao-de-Slides-Capa.png\"><img decoding=\"async\" width=\"1024\" height=\"576\" src=\"http:\/\/siicsufma.shcomunicacao.com\/2024\/wp-content\/uploads\/2024\/06\/Background-Apresentacao-de-Slides-Capa-1024x576.png\" alt=\"\" class=\"wp-image-162\" style=\"width:402px;height:auto\" srcset=\"https:\/\/siicsufma.shcomunicacao.com\/2024\/wp-content\/uploads\/2024\/06\/Background-Apresentacao-de-Slides-Capa-1024x576.png 1024w, https:\/\/siicsufma.shcomunicacao.com\/2024\/wp-content\/uploads\/2024\/06\/Background-Apresentacao-de-Slides-Capa-300x169.png 300w, https:\/\/siicsufma.shcomunicacao.com\/2024\/wp-content\/uploads\/2024\/06\/Background-Apresentacao-de-Slides-Capa-768x432.png 768w, https:\/\/siicsufma.shcomunicacao.com\/2024\/wp-content\/uploads\/2024\/06\/Background-Apresentacao-de-Slides-Capa-1536x864.png 1536w, https:\/\/siicsufma.shcomunicacao.com\/2024\/wp-content\/uploads\/2024\/06\/Background-Apresentacao-de-Slides-Capa.png 1920w\" sizes=\"(max-width: 1024px) 100vw, 1024px\" \/><\/a><figcaption class=\"wp-element-caption\"><em>Background Apresenta\u00e7\u00e3o de Slides (Capa)<\/em><\/figcaption><\/figure>\n\n\n\n<figure class=\"wp-block-image alignleft size-large is-resized\"><a href=\"http:\/\/siicsufma.shcomunicacao.com\/2024\/wp-content\/uploads\/2024\/06\/Background-Apresentacao-de-Slides-Paginas-Internas.png\"><img loading=\"lazy\" decoding=\"async\" width=\"1024\" height=\"592\" src=\"http:\/\/siicsufma.shcomunicacao.com\/2024\/wp-content\/uploads\/2024\/06\/Background-Apresentacao-de-Slides-Paginas-Internas-1024x592.png\" alt=\"\" class=\"wp-image-163\" style=\"width:400px\" srcset=\"https:\/\/siicsufma.shcomunicacao.com\/2024\/wp-content\/uploads\/2024\/06\/Background-Apresentacao-de-Slides-Paginas-Internas-1024x592.png 1024w, https:\/\/siicsufma.shcomunicacao.com\/2024\/wp-content\/uploads\/2024\/06\/Background-Apresentacao-de-Slides-Paginas-Internas-300x173.png 300w, https:\/\/siicsufma.shcomunicacao.com\/2024\/wp-content\/uploads\/2024\/06\/Background-Apresentacao-de-Slides-Paginas-Internas-768x444.png 768w, https:\/\/siicsufma.shcomunicacao.com\/2024\/wp-content\/uploads\/2024\/06\/Background-Apresentacao-de-Slides-Paginas-Internas-1536x888.png 1536w, https:\/\/siicsufma.shcomunicacao.com\/2024\/wp-content\/uploads\/2024\/06\/Background-Apresentacao-de-Slides-Paginas-Internas.png 1920w\" sizes=\"(max-width: 1024px) 100vw, 1024px\" \/><\/a><figcaption class=\"wp-element-caption\"><em>Background Apresenta\u00e7\u00e3o de Slides (P\u00e1ginas Internas)<\/em><\/figcaption><\/figure>\n<\/div>\n<\/div>\n\n\n\n<figure class=\"wp-block-image aligncenter size-large is-resized\"><a href=\"http:\/\/siicsufma.shcomunicacao.com\/2024\/wp-content\/uploads\/2024\/06\/Logotipo-do-V-SIICS-e-da-XI-Semana-Academica-do-PGCult.png\"><img loading=\"lazy\" decoding=\"async\" width=\"1024\" height=\"421\" src=\"http:\/\/siicsufma.shcomunicacao.com\/2024\/wp-content\/uploads\/2024\/06\/Logotipo-do-V-SIICS-e-da-XI-Semana-Academica-do-PGCult-1024x421.png\" alt=\"\" class=\"wp-image-166\" style=\"width:526px;height:auto\" srcset=\"https:\/\/siicsufma.shcomunicacao.com\/2024\/wp-content\/uploads\/2024\/06\/Logotipo-do-V-SIICS-e-da-XI-Semana-Academica-do-PGCult-1024x421.png 1024w, https:\/\/siicsufma.shcomunicacao.com\/2024\/wp-content\/uploads\/2024\/06\/Logotipo-do-V-SIICS-e-da-XI-Semana-Academica-do-PGCult-300x123.png 300w, https:\/\/siicsufma.shcomunicacao.com\/2024\/wp-content\/uploads\/2024\/06\/Logotipo-do-V-SIICS-e-da-XI-Semana-Academica-do-PGCult-768x316.png 768w, https:\/\/siicsufma.shcomunicacao.com\/2024\/wp-content\/uploads\/2024\/06\/Logotipo-do-V-SIICS-e-da-XI-Semana-Academica-do-PGCult-1536x632.png 1536w, https:\/\/siicsufma.shcomunicacao.com\/2024\/wp-content\/uploads\/2024\/06\/Logotipo-do-V-SIICS-e-da-XI-Semana-Academica-do-PGCult.png 1866w\" sizes=\"(max-width: 1024px) 100vw, 1024px\" \/><\/a><figcaption class=\"wp-element-caption\"><em>Logotipo do N\u00facleo de Humanidades (1866 x768)<\/em><\/figcaption><\/figure>\n\n\n\n<div class=\"wp-block-columns is-layout-flex wp-container-core-columns-is-layout-7387b849 wp-block-columns-is-layout-flex\">\n<div class=\"wp-block-column is-layout-flow wp-block-column-is-layout-flow\">\n<figure class=\"wp-block-image alignleft size-full is-resized\"><img loading=\"lazy\" decoding=\"async\" width=\"400\" height=\"400\" src=\"http:\/\/siicsufma.shcomunicacao.com\/2024\/wp-content\/uploads\/2024\/06\/Vermelho.png\" alt=\"\" class=\"wp-image-170\" style=\"width:116px;height:auto\" srcset=\"https:\/\/siicsufma.shcomunicacao.com\/2024\/wp-content\/uploads\/2024\/06\/Vermelho.png 400w, https:\/\/siicsufma.shcomunicacao.com\/2024\/wp-content\/uploads\/2024\/06\/Vermelho-300x300.png 300w, https:\/\/siicsufma.shcomunicacao.com\/2024\/wp-content\/uploads\/2024\/06\/Vermelho-150x150.png 150w\" sizes=\"(max-width: 400px) 100vw, 400px\" \/><\/figure>\n\n\n\n<p class=\"has-text-color has-link-color wp-elements-6 wp-block-paragraph\" style=\"color:#960502\"><strong>Cor Vemelha:<\/strong><br>RGB: <strong>R<\/strong> &#8211; 150 | <strong>G<\/strong> &#8211; 5 | <strong>B<\/strong> &#8211; 2<br>C\u00f3digo Hex: #960502<\/p>\n<\/div>\n\n\n\n<div class=\"wp-block-column is-layout-flow wp-block-column-is-layout-flow\">\n<figure class=\"wp-block-image alignleft size-full is-resized\"><img loading=\"lazy\" decoding=\"async\" width=\"400\" height=\"400\" src=\"http:\/\/siicsufma.shcomunicacao.com\/2024\/wp-content\/uploads\/2024\/06\/Azul.png\" alt=\"\" class=\"wp-image-172\" style=\"width:116px\" srcset=\"https:\/\/siicsufma.shcomunicacao.com\/2024\/wp-content\/uploads\/2024\/06\/Azul.png 400w, https:\/\/siicsufma.shcomunicacao.com\/2024\/wp-content\/uploads\/2024\/06\/Azul-300x300.png 300w, https:\/\/siicsufma.shcomunicacao.com\/2024\/wp-content\/uploads\/2024\/06\/Azul-150x150.png 150w\" sizes=\"(max-width: 400px) 100vw, 400px\" \/><\/figure>\n\n\n\n<p class=\"has-text-color has-link-color wp-elements-7 wp-block-paragraph\" style=\"color:#0d067a\"><strong>Cor Azul:<\/strong><br>RGB: <strong>R<\/strong> &#8211; 13 | <strong>G<\/strong> &#8211; 6 | <strong>B<\/strong> &#8211; 122<br>C\u00f3digo Hex: #0D067A<\/p>\n<\/div>\n<\/div>\n\n\n\n<div class=\"wp-block-columns is-layout-flex wp-container-core-columns-is-layout-7387b849 wp-block-columns-is-layout-flex\">\n<div class=\"wp-block-column is-layout-flow wp-block-column-is-layout-flow\">\n<figure class=\"wp-block-image alignleft size-full is-resized\"><img loading=\"lazy\" decoding=\"async\" width=\"400\" height=\"400\" src=\"http:\/\/siicsufma.shcomunicacao.com\/2024\/wp-content\/uploads\/2024\/06\/Amarelo.png\" alt=\"\" class=\"wp-image-171\" style=\"width:116px\" srcset=\"https:\/\/siicsufma.shcomunicacao.com\/2024\/wp-content\/uploads\/2024\/06\/Amarelo.png 400w, https:\/\/siicsufma.shcomunicacao.com\/2024\/wp-content\/uploads\/2024\/06\/Amarelo-300x300.png 300w, https:\/\/siicsufma.shcomunicacao.com\/2024\/wp-content\/uploads\/2024\/06\/Amarelo-150x150.png 150w\" sizes=\"(max-width: 400px) 100vw, 400px\" \/><\/figure>\n\n\n\n<p class=\"has-text-color has-link-color wp-elements-8 wp-block-paragraph\" style=\"color:#ebbb33\"><strong>Cor Amarela:<\/strong><br>RGB: <strong>R<\/strong> &#8211; 235 | <strong>G<\/strong> &#8211; 187 | <strong>B<\/strong> &#8211; 51<br>C\u00f3digo Hex: #EBBB33<\/p>\n<\/div>\n\n\n\n<div class=\"wp-block-column has-background is-layout-flow wp-block-column-is-layout-flow\" style=\"background-color:#e6e6e6\">\n<figure class=\"wp-block-image alignleft size-full is-resized\"><img loading=\"lazy\" decoding=\"async\" width=\"400\" height=\"400\" src=\"http:\/\/siicsufma.shcomunicacao.com\/2024\/wp-content\/uploads\/2024\/06\/Branco.png\" alt=\"\" class=\"wp-image-173\" style=\"width:116px\" srcset=\"https:\/\/siicsufma.shcomunicacao.com\/2024\/wp-content\/uploads\/2024\/06\/Branco.png 400w, https:\/\/siicsufma.shcomunicacao.com\/2024\/wp-content\/uploads\/2024\/06\/Branco-300x300.png 300w, https:\/\/siicsufma.shcomunicacao.com\/2024\/wp-content\/uploads\/2024\/06\/Branco-150x150.png 150w\" sizes=\"(max-width: 400px) 100vw, 400px\" \/><\/figure>\n\n\n\n<p class=\"wp-block-paragraph\"><strong>Cor Branca:<\/strong><br>RGB: <strong>R<\/strong> &#8211; 254 | <strong>G<\/strong> &#8211; 254 | <strong>B<\/strong> &#8211; 254<br>C\u00f3digo Hex: #FEFEFE<\/p>\n<\/div>\n<\/div>\n\n\n\n<p class=\"wp-block-paragraph\"><\/p>\n\n\n\n<figure class=\"wp-block-image alignleft size-full is-resized\"><img loading=\"lazy\" decoding=\"async\" width=\"400\" height=\"400\" src=\"http:\/\/siicsufma.shcomunicacao.com\/2024\/wp-content\/uploads\/2024\/06\/Cinza-Claro.png\" alt=\"\" class=\"wp-image-169\" style=\"width:116px\" srcset=\"https:\/\/siicsufma.shcomunicacao.com\/2024\/wp-content\/uploads\/2024\/06\/Cinza-Claro.png 400w, https:\/\/siicsufma.shcomunicacao.com\/2024\/wp-content\/uploads\/2024\/06\/Cinza-Claro-300x300.png 300w, https:\/\/siicsufma.shcomunicacao.com\/2024\/wp-content\/uploads\/2024\/06\/Cinza-Claro-150x150.png 150w\" sizes=\"(max-width: 400px) 100vw, 400px\" \/><\/figure>\n\n\n\n<p class=\"wp-block-paragraph\"><strong>Cor Cinza Claro:<\/strong><br>RGB: <strong>R<\/strong> &#8211; 230 | <strong>G<\/strong> &#8211; 230 | <strong>B<\/strong> &#8211; 230<br>C\u00f3digo Hex: #E6E6E6<\/p>\n\n\n\n<div style=\"height:45px\" aria-hidden=\"true\" class=\"wp-block-spacer\"><\/div>\n","protected":false},"excerpt":{"rendered":"<p>Regras para envio das propostas O resumo tem que ser digitado em portugu\u00eas e conter o m\u00ednimo de 1.500 caracteres e o m\u00e1ximo de 5.000 caracteres com espa\u00e7os. Organize o resumo de forma a incluir t\u00edtulo, nome do (s) ministrante (es), minibiografia do (s) ministrante (s) &#8211; gradua\u00e7\u00e3o, especializa\u00e7\u00e3o, mestrado, doutorado e\/ou p\u00f3s-doutorado (n\u00e3o h\u00e1 [&hellip;]<\/p>\n","protected":false},"author":1,"featured_media":0,"parent":0,"menu_order":0,"comment_status":"closed","ping_status":"closed","template":"","meta":{"footnotes":""},"class_list":["post-239","page","type-page","status-publish","hentry"],"_links":{"self":[{"href":"https:\/\/siicsufma.shcomunicacao.com\/2024\/wp-json\/wp\/v2\/pages\/239","targetHints":{"allow":["GET"]}}],"collection":[{"href":"https:\/\/siicsufma.shcomunicacao.com\/2024\/wp-json\/wp\/v2\/pages"}],"about":[{"href":"https:\/\/siicsufma.shcomunicacao.com\/2024\/wp-json\/wp\/v2\/types\/page"}],"author":[{"embeddable":true,"href":"https:\/\/siicsufma.shcomunicacao.com\/2024\/wp-json\/wp\/v2\/users\/1"}],"replies":[{"embeddable":true,"href":"https:\/\/siicsufma.shcomunicacao.com\/2024\/wp-json\/wp\/v2\/comments?post=239"}],"version-history":[{"count":13,"href":"https:\/\/siicsufma.shcomunicacao.com\/2024\/wp-json\/wp\/v2\/pages\/239\/revisions"}],"predecessor-version":[{"id":368,"href":"https:\/\/siicsufma.shcomunicacao.com\/2024\/wp-json\/wp\/v2\/pages\/239\/revisions\/368"}],"wp:attachment":[{"href":"https:\/\/siicsufma.shcomunicacao.com\/2024\/wp-json\/wp\/v2\/media?parent=239"}],"curies":[{"name":"wp","href":"https:\/\/api.w.org\/{rel}","templated":true}]}}