{"id":323,"date":"2024-08-13T01:39:09","date_gmt":"2024-08-13T04:39:09","guid":{"rendered":"http:\/\/siicsufma.shcomunicacao.com\/2024\/?page_id=323"},"modified":"2024-08-13T21:58:30","modified_gmt":"2024-08-14T00:58:30","slug":"palestrantes-convidados","status":"publish","type":"page","link":"https:\/\/siicsufma.shcomunicacao.com\/2024\/palestrantes-convidados\/","title":{"rendered":"Palestrantes Convidados"},"content":{"rendered":"\n<div class=\"wp-block-columns is-layout-flex wp-container-core-columns-is-layout-7387b849 wp-block-columns-is-layout-flex\">\n<div class=\"wp-block-column is-layout-flow wp-block-column-is-layout-flow\" style=\"flex-basis:33.33%\">\n<figure class=\"wp-block-image alignright size-full\"><img decoding=\"async\" width=\"200\" height=\"200\" src=\"http:\/\/siicsufma.shcomunicacao.com\/2024\/wp-content\/uploads\/2024\/08\/Walter-Kohan.jpeg\" alt=\"\" class=\"wp-image-324\" srcset=\"https:\/\/siicsufma.shcomunicacao.com\/2024\/wp-content\/uploads\/2024\/08\/Walter-Kohan.jpeg 200w, https:\/\/siicsufma.shcomunicacao.com\/2024\/wp-content\/uploads\/2024\/08\/Walter-Kohan-150x150.jpeg 150w\" sizes=\"(max-width: 200px) 100vw, 200px\" \/><figcaption class=\"wp-element-caption\"><strong>Walter Kohan<\/strong><\/figcaption><\/figure>\n<\/div>\n\n\n\n<div class=\"wp-block-column is-layout-flow wp-block-column-is-layout-flow\" style=\"flex-basis:66.66%\">\n<p class=\"wp-block-paragraph\"><strong>Walter Kohan<\/strong> \u00e9 professor titular da Universidade do Estado do Rio de Janeiro, Cientista de Nosso Estado (FAPERJ) e Procientista (UERJ). Foi Presidente do Conselho Internacional para a Investiga\u00e7\u00e3o Filos\u00f3fica com crian\u00e7as (ICPIC).<\/p>\n<\/div>\n<\/div>\n\n\n\n<div class=\"wp-block-columns is-layout-flex wp-container-core-columns-is-layout-7387b849 wp-block-columns-is-layout-flex\">\n<div class=\"wp-block-column is-layout-flow wp-block-column-is-layout-flow\" style=\"flex-basis:33.33%\">\n<figure class=\"wp-block-image alignright size-large is-resized\"><img fetchpriority=\"high\" decoding=\"async\" width=\"768\" height=\"1024\" src=\"http:\/\/siicsufma.shcomunicacao.com\/2024\/wp-content\/uploads\/2024\/08\/Hugo-Menezes-768x1024.jpeg\" alt=\"\" class=\"wp-image-325\" style=\"width:208px;height:auto\" srcset=\"https:\/\/siicsufma.shcomunicacao.com\/2024\/wp-content\/uploads\/2024\/08\/Hugo-Menezes-768x1024.jpeg 768w, https:\/\/siicsufma.shcomunicacao.com\/2024\/wp-content\/uploads\/2024\/08\/Hugo-Menezes-225x300.jpeg 225w, https:\/\/siicsufma.shcomunicacao.com\/2024\/wp-content\/uploads\/2024\/08\/Hugo-Menezes.jpeg 774w\" sizes=\"(max-width: 768px) 100vw, 768px\" \/><figcaption class=\"wp-element-caption\"><strong>Hugo Menezes<\/strong><\/figcaption><\/figure>\n<\/div>\n\n\n\n<div class=\"wp-block-column is-layout-flow wp-block-column-is-layout-flow\" style=\"flex-basis:66.66%\">\n<p class=\"wp-block-paragraph\"><strong>Hugo Menezes<\/strong> \u00e9 professor do Departamento de Antropologia e Museologia (DAM) e do Programa de P\u00f3s-Gradua\u00e7\u00e3o em Antropologia (PPGA), da Universidade Federal de Pernambuco (UFPE). Doutor em Antropologia pelo Programa de P\u00f3s-Gradua\u00e7\u00e3o em Sociologia e Antropologia, do Instituto de Filosofia e Ci\u00eancias Sociais, da Universidade Federal do Rio de Janeiro &#8211; PPGSA\/IFCS\/UFRJ. Atualmente est\u00e1 no p\u00f3s-doutorado em Sociomuseologia, na Universidade Lus\u00f3fona (Lisboa, Portugal), onde tamb\u00e9m atua como professor colaborador.<\/p>\n<\/div>\n<\/div>\n\n\n\n<div class=\"wp-block-columns is-layout-flex wp-container-core-columns-is-layout-7387b849 wp-block-columns-is-layout-flex\">\n<div class=\"wp-block-column is-layout-flow wp-block-column-is-layout-flow\" style=\"flex-basis:33.33%\">\n<figure class=\"wp-block-image alignright size-large is-resized\"><img decoding=\"async\" width=\"1024\" height=\"1012\" src=\"http:\/\/siicsufma.shcomunicacao.com\/2024\/wp-content\/uploads\/2024\/08\/Andre-Correa-de-Sa-1024x1012.jpeg\" alt=\"\" class=\"wp-image-326\" style=\"width:221px;height:auto\" srcset=\"https:\/\/siicsufma.shcomunicacao.com\/2024\/wp-content\/uploads\/2024\/08\/Andre-Correa-de-Sa-1024x1012.jpeg 1024w, https:\/\/siicsufma.shcomunicacao.com\/2024\/wp-content\/uploads\/2024\/08\/Andre-Correa-de-Sa-300x297.jpeg 300w, https:\/\/siicsufma.shcomunicacao.com\/2024\/wp-content\/uploads\/2024\/08\/Andre-Correa-de-Sa-768x759.jpeg 768w, https:\/\/siicsufma.shcomunicacao.com\/2024\/wp-content\/uploads\/2024\/08\/Andre-Correa-de-Sa.jpeg 1034w\" sizes=\"(max-width: 1024px) 100vw, 1024px\" \/><figcaption class=\"wp-element-caption\"><strong>Andr\u00e9 Corr\u00eaa de S\u00e1<\/strong><\/figcaption><\/figure>\n<\/div>\n\n\n\n<div class=\"wp-block-column is-layout-flow wp-block-column-is-layout-flow\" style=\"flex-basis:66.66%\">\n<p class=\"wp-block-paragraph\"><strong>Andr\u00e9 Corr\u00eaa de S\u00e1<\/strong> \u00e9 professor associado do Departamento de Espanhol e Portugu\u00eas da Universidade da Calif\u00f3rnia, Santa B\u00e1rbara, onde ensina literaturas luso-afro-brasileiras e literatura comparada, possui doutorado em Literatura, pela Universidade de \u00c9vora, Portugal. \u00c9 professor credenciado do Programa de P\u00f3s-Gradua\u00e7\u00e3o em Estudos de Literatura (PPGLit), da Universidade de S\u00e3o Carlos, em S\u00e3o Paulo.<\/p>\n<\/div>\n<\/div>\n","protected":false},"excerpt":{"rendered":"<p>Walter Kohan \u00e9 professor titular da Universidade do Estado do Rio de Janeiro, Cientista de Nosso Estado (FAPERJ) e Procientista (UERJ). Foi Presidente do Conselho Internacional para a Investiga\u00e7\u00e3o Filos\u00f3fica com crian\u00e7as (ICPIC). Hugo Menezes \u00e9 professor do Departamento de Antropologia e Museologia (DAM) e do Programa de P\u00f3s-Gradua\u00e7\u00e3o em Antropologia (PPGA), da Universidade Federal [&hellip;]<\/p>\n","protected":false},"author":1,"featured_media":0,"parent":0,"menu_order":0,"comment_status":"closed","ping_status":"closed","template":"","meta":{"footnotes":""},"class_list":["post-323","page","type-page","status-publish","hentry"],"_links":{"self":[{"href":"https:\/\/siicsufma.shcomunicacao.com\/2024\/wp-json\/wp\/v2\/pages\/323","targetHints":{"allow":["GET"]}}],"collection":[{"href":"https:\/\/siicsufma.shcomunicacao.com\/2024\/wp-json\/wp\/v2\/pages"}],"about":[{"href":"https:\/\/siicsufma.shcomunicacao.com\/2024\/wp-json\/wp\/v2\/types\/page"}],"author":[{"embeddable":true,"href":"https:\/\/siicsufma.shcomunicacao.com\/2024\/wp-json\/wp\/v2\/users\/1"}],"replies":[{"embeddable":true,"href":"https:\/\/siicsufma.shcomunicacao.com\/2024\/wp-json\/wp\/v2\/comments?post=323"}],"version-history":[{"count":7,"href":"https:\/\/siicsufma.shcomunicacao.com\/2024\/wp-json\/wp\/v2\/pages\/323\/revisions"}],"predecessor-version":[{"id":335,"href":"https:\/\/siicsufma.shcomunicacao.com\/2024\/wp-json\/wp\/v2\/pages\/323\/revisions\/335"}],"wp:attachment":[{"href":"https:\/\/siicsufma.shcomunicacao.com\/2024\/wp-json\/wp\/v2\/media?parent=323"}],"curies":[{"name":"wp","href":"https:\/\/api.w.org\/{rel}","templated":true}]}}