{"id":353,"date":"2024-10-13T22:11:41","date_gmt":"2024-10-14T01:11:41","guid":{"rendered":"http:\/\/siicsufma.shcomunicacao.com\/2024\/?page_id=353"},"modified":"2024-10-14T06:39:52","modified_gmt":"2024-10-14T09:39:52","slug":"monitores-selecionados","status":"publish","type":"page","link":"https:\/\/siicsufma.shcomunicacao.com\/2024\/monitores-selecionados\/","title":{"rendered":"Monitores Selecionados"},"content":{"rendered":"\n<p class=\"wp-block-paragraph\">A Comiss\u00e3o Organizadora divulga a lista dos monitores selecionados para atuarem no V Simp\u00f3sio Internacional Interdisciplinar em Cultura e Sociedade e na XI Semana Acad\u00eamica do PGCult que ocorrer\u00e3o de 12 a 14 de novembro de 2024.<\/p>\n\n\n\n<p class=\"wp-block-paragraph\">Todos os monitores selecionados j\u00e1 est\u00e3o inscritos no evento. Caso algu\u00e9m deseje enviar algum trabalho para apresenta\u00e7\u00e3o, acesse a p\u00e1gina de submiss\u00e3o e realize o envio utilizando o mesmo e-mail informado no ato da inscri\u00e7\u00e3o da monitoria. Se inserir o e-mail diferente do informado, o sistema n\u00e3o localizar\u00e1 a inscri\u00e7\u00e3o, o que impedir\u00e1 submeter o trabalho.<\/p>\n\n\n\n<p class=\"wp-block-paragraph\">Em breve, a Comiss\u00e3o Organizadora confirmar\u00e1 o dia, hor\u00e1rio e local da reuni\u00e3o.<\/p>\n\n\n\n<p class=\"wp-block-paragraph\"><strong>Lista dos selecionados<\/strong><\/p>\n\n\n\n<p class=\"wp-block-paragraph\">ABRA\u00c3O MOTA MARTINS RESPLANDES<\/p>\n\n\n\n<p class=\"wp-block-paragraph\">ABRAH\u00c3O ALEXANDRE BARROS DE LIMA<\/p>\n\n\n\n<p class=\"wp-block-paragraph\">AISSA CRISTINE DA SILVA COSTA<\/p>\n\n\n\n<p class=\"wp-block-paragraph\">ALINNY LAYANE VALENTIM DA SILVA<\/p>\n\n\n\n<p class=\"wp-block-paragraph\">ANA BEATRIZ CARVALHO DE SOUSA<\/p>\n\n\n\n<p class=\"wp-block-paragraph\">ANA GARDIELLY DA CONCEI\u00c7\u00c3O SILVA<\/p>\n\n\n\n<p class=\"wp-block-paragraph\">ANDRESSA VALERIA SILVA COSTA<\/p>\n\n\n\n<p class=\"wp-block-paragraph\">AURINETE FERREIRA BARBOSA<\/p>\n\n\n\n<p class=\"wp-block-paragraph\">BRENDA DOS SANTOS MENEZES<\/p>\n\n\n\n<p class=\"wp-block-paragraph\">CAMILA SILVA LIMA<\/p>\n\n\n\n<p class=\"wp-block-paragraph\">CARLA DAYANE SILVA RODRIGUES<\/p>\n\n\n\n<p class=\"wp-block-paragraph\">DANIEL SILVA MONTEIRO DE ARA\u00daJO<\/p>\n\n\n\n<p class=\"wp-block-paragraph\">EZENILDE ROCHA MENDES<\/p>\n\n\n\n<p class=\"wp-block-paragraph\">GABRIELLA PAZ ARAUJO SILVA<\/p>\n\n\n\n<p class=\"wp-block-paragraph\">GABRIELLY DE KASSIA PINHEIRO MENDON\u00c7A<\/p>\n\n\n\n<p class=\"wp-block-paragraph\">GEOVANNA AMORIM ROCHA DE SEVILHA<\/p>\n\n\n\n<p class=\"wp-block-paragraph\">GUSTAVO TEIXEIRA DE MOURA<\/p>\n\n\n\n<p class=\"wp-block-paragraph\">IGOR EMANUEL NUNES FARIAS PINHEIRO<\/p>\n\n\n\n<p class=\"wp-block-paragraph\">ISABELA PINTO DUTRA<\/p>\n\n\n\n<p class=\"wp-block-paragraph\">ISNARA MARIA FRAZ\u00c3O DOS SANTOS<\/p>\n\n\n\n<p class=\"wp-block-paragraph\">IZABELA DE OLIVEIRA TRAJANO<\/p>\n\n\n\n<p class=\"wp-block-paragraph\">IZADORA COSTA MARINHO<\/p>\n\n\n\n<p class=\"wp-block-paragraph\">JOEL GON\u00c7ALVES VIANA<\/p>\n\n\n\n<p class=\"wp-block-paragraph\">JULIANA DOS SANTOS NOGUEIRA<\/p>\n\n\n\n<p class=\"wp-block-paragraph\">JULIANA MENDES DE CAMPOS<\/p>\n\n\n\n<p class=\"wp-block-paragraph\">KARINE GABRIELY SERRA SOARES<\/p>\n\n\n\n<p class=\"wp-block-paragraph\">KATIANA SOUZA SANTOS<\/p>\n\n\n\n<p class=\"wp-block-paragraph\">KYVIA CAMILA SOARES DE OLIVEIRA<\/p>\n\n\n\n<p class=\"wp-block-paragraph\">LA\u00cdS NORTON FONSECA DOS SANTOS<\/p>\n\n\n\n<p class=\"wp-block-paragraph\">LARISSA EUG\u00caNIO PEREIRA<\/p>\n\n\n\n<p class=\"wp-block-paragraph\">LARISSA GABRIELA SERRA SODR\u00c9<\/p>\n\n\n\n<p class=\"wp-block-paragraph\">LEONICE DA CONCEI\u00c7\u00c3O PINHEIRO SILVA<\/p>\n\n\n\n<p class=\"wp-block-paragraph\">L\u00cdDIA ALMEIDA DUTRA<\/p>\n\n\n\n<p class=\"wp-block-paragraph\">LUCAS COSTA DA SILVA<\/p>\n\n\n\n<p class=\"wp-block-paragraph\">LUCAS MATEUS DA SILVA NOGUEIRA<\/p>\n\n\n\n<p class=\"wp-block-paragraph\">LUDMILLA VALENTE VIANA SILVA<\/p>\n\n\n\n<p class=\"wp-block-paragraph\">LUIS CARLOS SERRA AMORIM FILHO<\/p>\n\n\n\n<p class=\"wp-block-paragraph\">MARIA J. S. DELMONDES<\/p>\n\n\n\n<p class=\"wp-block-paragraph\">MARILENE SABINO BEZERRA<\/p>\n\n\n\n<p class=\"wp-block-paragraph\">MATHEUS SILVA COSTA<\/p>\n\n\n\n<p class=\"wp-block-paragraph\">MAYANE PEREIRA SILVA<\/p>\n\n\n\n<p class=\"wp-block-paragraph\">MELISSA JOELMA ALVES FERREIRA<\/p>\n\n\n\n<p class=\"wp-block-paragraph\">ODLA CRISTIANNE PATRIOTA ALBUQUERQUE<\/p>\n\n\n\n<p class=\"wp-block-paragraph\">PERLA MARIA BERWANGER<\/p>\n\n\n\n<p class=\"wp-block-paragraph\">RAUL BRUNNO PEREIRA SOUSA<\/p>\n\n\n\n<p class=\"wp-block-paragraph\">RODRIGO FERREIRA GOMES<\/p>\n\n\n\n<p class=\"wp-block-paragraph\">SARAH MAYRLLA MOTA LOPES<\/p>\n\n\n\n<p class=\"wp-block-paragraph\">THAIS FONSECA NUNES<\/p>\n\n\n\n<p class=\"wp-block-paragraph\">THALES DA CUNHA CO\u00caLHO<\/p>\n\n\n\n<p class=\"wp-block-paragraph\">THAYANE RODRIGUES REIS<\/p>\n\n\n\n<p class=\"wp-block-paragraph\">VALERIA CRISTINA LOPES DOS SANTOS SOUZA<\/p>\n\n\n\n<p class=\"wp-block-paragraph\">VAL\u00c9RIA MATOS CUTRIM<\/p>\n\n\n\n<p class=\"wp-block-paragraph\">VICT\u00d3RIA LIMA DOS SANTOS<\/p>\n\n\n\n<p class=\"wp-block-paragraph\">VICT\u00d3RIA SERRA PEREIRA<\/p>\n\n\n\n<p class=\"wp-block-paragraph\">VIT\u00d3RIA SANTOS DELMONDES<\/p>\n\n\n\n<p class=\"wp-block-paragraph\">WANESSA ELLEN COSTA E COSTA<\/p>\n\n\n\n<p class=\"wp-block-paragraph\"><\/p>\n","protected":false},"excerpt":{"rendered":"<p>A Comiss\u00e3o Organizadora divulga a lista dos monitores selecionados para atuarem no V Simp\u00f3sio Internacional Interdisciplinar em Cultura e Sociedade e na XI Semana Acad\u00eamica do PGCult que ocorrer\u00e3o de 12 a 14 de novembro de 2024. Todos os monitores selecionados j\u00e1 est\u00e3o inscritos no evento. Caso algu\u00e9m deseje enviar algum trabalho para apresenta\u00e7\u00e3o, acesse [&hellip;]<\/p>\n","protected":false},"author":1,"featured_media":0,"parent":0,"menu_order":0,"comment_status":"closed","ping_status":"closed","template":"","meta":{"footnotes":""},"class_list":["post-353","page","type-page","status-publish","hentry"],"_links":{"self":[{"href":"https:\/\/siicsufma.shcomunicacao.com\/2024\/wp-json\/wp\/v2\/pages\/353","targetHints":{"allow":["GET"]}}],"collection":[{"href":"https:\/\/siicsufma.shcomunicacao.com\/2024\/wp-json\/wp\/v2\/pages"}],"about":[{"href":"https:\/\/siicsufma.shcomunicacao.com\/2024\/wp-json\/wp\/v2\/types\/page"}],"author":[{"embeddable":true,"href":"https:\/\/siicsufma.shcomunicacao.com\/2024\/wp-json\/wp\/v2\/users\/1"}],"replies":[{"embeddable":true,"href":"https:\/\/siicsufma.shcomunicacao.com\/2024\/wp-json\/wp\/v2\/comments?post=353"}],"version-history":[{"count":5,"href":"https:\/\/siicsufma.shcomunicacao.com\/2024\/wp-json\/wp\/v2\/pages\/353\/revisions"}],"predecessor-version":[{"id":360,"href":"https:\/\/siicsufma.shcomunicacao.com\/2024\/wp-json\/wp\/v2\/pages\/353\/revisions\/360"}],"wp:attachment":[{"href":"https:\/\/siicsufma.shcomunicacao.com\/2024\/wp-json\/wp\/v2\/media?parent=353"}],"curies":[{"name":"wp","href":"https:\/\/api.w.org\/{rel}","templated":true}]}}